{"id":13810,"date":"2024-11-16T13:38:19","date_gmt":"2024-11-16T12:38:19","guid":{"rendered":"https:\/\/visitvendsyssel.dk\/?page_id=13810"},"modified":"2026-06-25T10:37:51","modified_gmt":"2026-06-25T08:37:51","slug":"sankt-hans-i-skagen","status":"publish","type":"page","link":"https:\/\/visitvendsyssel.dk\/de\/sankt-hans-i-skagen\/","title":{"rendered":"Der Heilige Hans in Skagen"},"content":{"rendered":"\t\t<div data-elementor-type=\"wp-page\" data-elementor-id=\"13810\" class=\"elementor elementor-13810\" data-elementor-post-type=\"page\">\n\t\t\t\t<div data-particle_enable=\"false\" data-particle-mobile-disabled=\"false\" class=\"elementor-element elementor-element-de5eff7 e-con-full e-flex e-con e-parent\" data-id=\"de5eff7\" data-element_type=\"container\" data-e-type=\"container\" data-settings=\"{&quot;background_background&quot;:&quot;video&quot;,&quot;background_video_link&quot;:&quot;https:\\\/\\\/youtu.be\\\/dqI8QxgcYyk&quot;,&quot;background_play_on_mobile&quot;:&quot;yes&quot;}\">\n\t\t<div class=\"elementor-background-video-container\">\n\t\t\t\t\t\t\t<div class=\"elementor-background-video-embed\" role=\"presentation\"><\/div>\n\t\t\t\t\t\t<\/div>\t\t<div class=\"elementor-element elementor-element-c1911fa elementor-widget elementor-widget-spacer\" data-id=\"c1911fa\" data-element_type=\"widget\" data-e-type=\"widget\" data-widget_type=\"spacer.default\">\n\t\t\t\t<div class=\"elementor-widget-container\">\n\t\t\t\t\t\t\t<div class=\"elementor-spacer\">\n\t\t\t<div class=\"elementor-spacer-inner\"><\/div>\n\t\t<\/div>\n\t\t\t\t\t\t<\/div>\n\t\t\t\t<\/div>\n\t\t<div data-particle_enable=\"false\" data-particle-mobile-disabled=\"false\" class=\"elementor-element elementor-element-6cafb94 e-flex e-con-boxed e-con e-child\" data-id=\"6cafb94\" data-element_type=\"container\" data-e-type=\"container\">\n\t\t\t\t\t<div class=\"e-con-inner\">\n\t\t\t\t<div class=\"elementor-element elementor-element-d3d994c elementor-widget elementor-widget-heading\" data-id=\"d3d994c\" data-element_type=\"widget\" data-e-type=\"widget\" data-widget_type=\"heading.default\">\n\t\t\t\t<div class=\"elementor-widget-container\">\n\t\t\t\t\t<h2 class=\"elementor-heading-title elementor-size-default\">Sankt Hans i Skagen<\/h2>\t\t\t\t<\/div>\n\t\t\t\t<\/div>\n\t\t\t\t\t<\/div>\n\t\t\t\t<\/div>\n\t\t\t\t<\/div>\n\t\t<div data-particle_enable=\"false\" data-particle-mobile-disabled=\"false\" class=\"elementor-element elementor-element-1e1597b e-flex e-con-boxed e-con e-parent\" data-id=\"1e1597b\" data-element_type=\"container\" data-e-type=\"container\">\n\t\t\t\t\t<div class=\"e-con-inner\">\n\t\t\t\t<div class=\"elementor-element elementor-element-41e1b71 elementor-widget elementor-widget-spacer\" data-id=\"41e1b71\" data-element_type=\"widget\" data-e-type=\"widget\" data-widget_type=\"spacer.default\">\n\t\t\t\t<div class=\"elementor-widget-container\">\n\t\t\t\t\t\t\t<div class=\"elementor-spacer\">\n\t\t\t<div class=\"elementor-spacer-inner\"><\/div>\n\t\t<\/div>\n\t\t\t\t\t\t<\/div>\n\t\t\t\t<\/div>\n\t\t\t\t\t<\/div>\n\t\t\t\t<\/div>\n\t\t<div data-particle_enable=\"false\" data-particle-mobile-disabled=\"false\" class=\"elementor-element elementor-element-3eff0eb e-flex e-con-boxed e-con e-parent\" data-id=\"3eff0eb\" data-element_type=\"container\" data-e-type=\"container\">\n\t\t\t\t\t<div class=\"e-con-inner\">\n\t\t<div data-particle_enable=\"false\" data-particle-mobile-disabled=\"false\" class=\"elementor-element elementor-element-e8b40a2 e-con-full elementor-hidden-mobile e-flex e-con e-child\" data-id=\"e8b40a2\" data-element_type=\"container\" data-e-type=\"container\" data-settings=\"{&quot;background_background&quot;:&quot;classic&quot;}\">\n\t\t\t\t<\/div>\n\t\t<div data-particle_enable=\"false\" data-particle-mobile-disabled=\"false\" class=\"elementor-element elementor-element-befc1a1 e-con-full e-flex e-con e-child\" data-id=\"befc1a1\" data-element_type=\"container\" data-e-type=\"container\">\n\t\t\t\t<div class=\"elementor-element elementor-element-b9f7b95 elementor-widget elementor-widget-heading\" data-id=\"b9f7b95\" data-element_type=\"widget\" data-e-type=\"widget\" data-widget_type=\"heading.default\">\n\t\t\t\t<div class=\"elementor-widget-container\">\n\t\t\t\t\t<h2 class=\"elementor-heading-title elementor-size-default\">Sankt Hans i Skagen \u2013 en magisk aften ved S\u00f8nderstrand<\/h2>\t\t\t\t<\/div>\n\t\t\t\t<\/div>\n\t\t\t\t<div class=\"elementor-element elementor-element-1bb2594 elementor-widget elementor-widget-text-editor\" data-id=\"1bb2594\" data-element_type=\"widget\" data-e-type=\"widget\" data-widget_type=\"text-editor.default\">\n\t\t\t\t<div class=\"elementor-widget-container\">\n\t\t\t\t\t\t\t\t\t<p>Sankt Hans aften p\u00e5 S\u00f8nderstrand i Skagen er en dybt rodf\u00e6stet tradition, der g\u00e5r helt tilbage til Skagensmalernes tid. Hvert \u00e5r samles lokale og g\u00e6ster fra n\u00e6r og fjern for at fejre midsommeren med b\u00e5l, f\u00e6llessang og varme f\u00e6llesskabsb\u00e5nd. Denne aften skaber en helt s\u00e6rlig atmosf\u00e6re, hvor tradition og f\u00e6llesskab g\u00e5r h\u00e5nd i h\u00e5nd.<\/p><h3 class=\"x_x_MsoNormal\"><b>En tradition i over 100 \u00e5r<\/b><\/h3><p class=\"x_x_MsoNormal\">Siden P. S. Kr\u00f8yers ber\u00f8mte maleri &#8220;Sankthansblus p\u00e5 Skagen Strand&#8221; har Sankt Hans b\u00e5let v\u00e6ret et fast element i Skagens kultur. Hvert \u00e5r t\u00e6ndes b\u00e5let p\u00e5 S\u00f8nderstrand, og \u00e9n gang om \u00e5ret lyser ogs\u00e5 kurven p\u00e5 Vippefyret op, hvilket tilf\u00f8rer aftenen en unik stemning.<\/p>\t\t\t\t\t\t\t\t<\/div>\n\t\t\t\t<\/div>\n\t\t\t\t<\/div>\n\t\t\t\t\t<\/div>\n\t\t\t\t<\/div>\n\t\t<div data-particle_enable=\"false\" data-particle-mobile-disabled=\"false\" class=\"elementor-element elementor-element-dbb820a e-flex e-con-boxed e-con e-parent\" data-id=\"dbb820a\" data-element_type=\"container\" data-e-type=\"container\">\n\t\t\t\t\t<div class=\"e-con-inner\">\n\t\t\t\t<div class=\"elementor-element elementor-element-9d33605 elementor-widget elementor-widget-spacer\" data-id=\"9d33605\" data-element_type=\"widget\" data-e-type=\"widget\" data-widget_type=\"spacer.default\">\n\t\t\t\t<div class=\"elementor-widget-container\">\n\t\t\t\t\t\t\t<div class=\"elementor-spacer\">\n\t\t\t<div class=\"elementor-spacer-inner\"><\/div>\n\t\t<\/div>\n\t\t\t\t\t\t<\/div>\n\t\t\t\t<\/div>\n\t\t\t\t\t<\/div>\n\t\t\t\t<\/div>\n\t\t<div data-particle_enable=\"false\" data-particle-mobile-disabled=\"false\" class=\"elementor-element elementor-element-13da822 e-flex e-con-boxed e-con e-parent\" data-id=\"13da822\" data-element_type=\"container\" data-e-type=\"container\">\n\t\t\t\t\t<div class=\"e-con-inner\">\n\t\t\t\t<div class=\"elementor-element elementor-element-e13d836 elementor-widget elementor-widget-heading\" data-id=\"e13d836\" data-element_type=\"widget\" data-e-type=\"widget\" data-widget_type=\"heading.default\">\n\t\t\t\t<div class=\"elementor-widget-container\">\n\t\t\t\t\t<h2 class=\"elementor-heading-title elementor-size-default\">2026 var \u00e5ret med 2 x 120-\u00e5rs jubil\u00e6um!<\/h2>\t\t\t\t<\/div>\n\t\t\t\t<\/div>\n\t\t<div data-particle_enable=\"false\" data-particle-mobile-disabled=\"false\" class=\"elementor-element elementor-element-c2162cc e-grid e-con-full e-con e-child\" data-id=\"c2162cc\" data-element_type=\"container\" data-e-type=\"container\">\n\t\t<div data-particle_enable=\"false\" data-particle-mobile-disabled=\"false\" class=\"elementor-element elementor-element-6c66bfa e-con-full e-flex e-con e-child\" data-id=\"6c66bfa\" data-element_type=\"container\" data-e-type=\"container\" data-settings=\"{&quot;background_background&quot;:&quot;classic&quot;}\">\n\t\t\t\t<\/div>\n\t\t\t\t<div class=\"elementor-element elementor-element-f40be06 elementor-widget elementor-widget-image\" data-id=\"f40be06\" data-element_type=\"widget\" data-e-type=\"widget\" data-widget_type=\"image.default\">\n\t\t\t\t<div class=\"elementor-widget-container\">\n\t\t\t\t\t\t\t\t\t\t\t\t\t\t\t<img fetchpriority=\"high\" decoding=\"async\" width=\"800\" height=\"800\" src=\"https:\/\/i0.wp.com\/visitvendsyssel.dk\/wp-content\/uploads\/2026\/06\/Formidler-og-kunsthistoriker-paa-Skagens-Museum-Anna_Moerch-1024x1024-1.jpg?fit=800%2C800&amp;ssl=1\" class=\"attachment-large size-large wp-image-22953\" alt=\"\" srcset=\"https:\/\/i0.wp.com\/visitvendsyssel.dk\/wp-content\/uploads\/2026\/06\/Formidler-og-kunsthistoriker-paa-Skagens-Museum-Anna_Moerch-1024x1024-1.jpg?w=1024&amp;ssl=1 1024w, https:\/\/i0.wp.com\/visitvendsyssel.dk\/wp-content\/uploads\/2026\/06\/Formidler-og-kunsthistoriker-paa-Skagens-Museum-Anna_Moerch-1024x1024-1.jpg?resize=300%2C300&amp;ssl=1 300w, https:\/\/i0.wp.com\/visitvendsyssel.dk\/wp-content\/uploads\/2026\/06\/Formidler-og-kunsthistoriker-paa-Skagens-Museum-Anna_Moerch-1024x1024-1.jpg?resize=150%2C150&amp;ssl=1 150w, https:\/\/i0.wp.com\/visitvendsyssel.dk\/wp-content\/uploads\/2026\/06\/Formidler-og-kunsthistoriker-paa-Skagens-Museum-Anna_Moerch-1024x1024-1.jpg?resize=768%2C768&amp;ssl=1 768w, https:\/\/i0.wp.com\/visitvendsyssel.dk\/wp-content\/uploads\/2026\/06\/Formidler-og-kunsthistoriker-paa-Skagens-Museum-Anna_Moerch-1024x1024-1.jpg?resize=12%2C12&amp;ssl=1 12w\" sizes=\"(max-width: 800px) 100vw, 800px\" data-attachment-id=\"22953\" data-permalink=\"https:\/\/visitvendsyssel.dk\/sankt-hans-i-skagen\/formidler-og-kunsthistoriker-paa-skagens-museum-anna_moerch-1024x1024\/\" data-orig-file=\"https:\/\/i0.wp.com\/visitvendsyssel.dk\/wp-content\/uploads\/2026\/06\/Formidler-og-kunsthistoriker-paa-Skagens-Museum-Anna_Moerch-1024x1024-1.jpg?fit=1024%2C1024&amp;ssl=1\" data-orig-size=\"1024,1024\" data-comments-opened=\"1\" data-image-meta=\"{&quot;aperture&quot;:&quot;0&quot;,&quot;credit&quot;:&quot;&quot;,&quot;camera&quot;:&quot;&quot;,&quot;caption&quot;:&quot;&quot;,&quot;created_timestamp&quot;:&quot;0&quot;,&quot;copyright&quot;:&quot;&quot;,&quot;focal_length&quot;:&quot;0&quot;,&quot;iso&quot;:&quot;0&quot;,&quot;shutter_speed&quot;:&quot;0&quot;,&quot;title&quot;:&quot;&quot;,&quot;orientation&quot;:&quot;1&quot;,&quot;alt&quot;:&quot;&quot;}\" data-image-title=\"Formidler og kunsthistoriker p\u00e5 Skagens Museum Anna_M\u00f8rch 1024&amp;#215;1024\" data-image-description=\"\" data-image-caption=\"\" data-large-file=\"https:\/\/i0.wp.com\/visitvendsyssel.dk\/wp-content\/uploads\/2026\/06\/Formidler-og-kunsthistoriker-paa-Skagens-Museum-Anna_Moerch-1024x1024-1.jpg?fit=800%2C800&amp;ssl=1\" \/>\t\t\t\t\t\t\t\t\t\t\t\t\t\t\t<\/div>\n\t\t\t\t<\/div>\n\t\t\t\t<\/div>\n\t\t\t\t\t<\/div>\n\t\t\t\t<\/div>\n\t\t<div data-particle_enable=\"false\" data-particle-mobile-disabled=\"false\" class=\"elementor-element elementor-element-74961f5 e-flex e-con-boxed e-con e-parent\" data-id=\"74961f5\" data-element_type=\"container\" data-e-type=\"container\" data-settings=\"{&quot;background_background&quot;:&quot;classic&quot;}\">\n\t\t\t\t\t<div class=\"e-con-inner\">\n\t\t\t\t<div class=\"elementor-element elementor-element-e4a9e2e elementor-widget elementor-widget-text-editor\" data-id=\"e4a9e2e\" data-element_type=\"widget\" data-e-type=\"widget\" data-widget_type=\"text-editor.default\">\n\t\t\t\t<div class=\"elementor-widget-container\">\n\t\t\t\t\t\t\t\t\t<h4 style=\"text-align: center;\"><span style=\"color: #ffffff;\">I 2026 skrev turistdirekt\u00f8r  Nicolai J. Nissen s\u00e5dan:\n<br>120-\u00e5rs jubil\u00e6um og to b\u00e5ltalere til Sankthans i Skagen<\/span><\/h4>\n<span style=\"color: #ffffff;\">Sankt Hans er et godt eksempel p\u00e5 en vigtig tradition, som gennem generationer er blevet holdt i h\u00e6vd ved S\u00f8nderstrand her i Skagen.<\/span><br>\n\n<span style=\"color: #ffffff;\">Det er ogs\u00e5 et godt eksempel p\u00e5 en tradition, som b\u00e5de er folkelig og kulturel. Her kan alle v\u00e6re med, og alle er velkomne.<\/span><br><br>\n\n<span style=\"color: #ffffff;\">I en tid, hvor verden forandrer sig stadig hurtigere, og hvor vi i stigende grad v\u00e6lger vores egne b\u00f8ger, film, tv-serier og podcasts, n\u00e5r det passer os, bliver de f\u00e6lles traditioner endnu vigtigere. Sankt Hans finder sted p\u00e5 et bestemt tidspunkt og p\u00e5 en bestemt dato. Derfor er vi n\u00f8dt til at v\u00e6re samlet, hvis vi vil opleve f\u00e6llesskabet og den s\u00e6rlige stemning, som opst\u00e5r, n\u00e5r vi sammen synger vores hyldest til midsommeren og til det lys, som netop i disse dage er p\u00e5 sit h\u00f8jeste.<\/span><br><br>\n\n<span style=\"color: #ffffff;\">Turistforeningen er et levende eksempel p\u00e5 en institution, der arbejder for samarbejde, udvikling og v\u00e6kst med respekt for traditionerne. Det har vi gjort i 120 \u00e5r med medlemmer, g\u00e6ster og lokalsamfund som omdrejningspunkt.<\/span>\n\n<span style=\"color: #ffffff;\">Det er ikke kun Toppen af Danmark, der i \u00e5r kan fejre 120-\u00e5rs jubil\u00e6um. Derfor har vi ogs\u00e5 hele to b\u00e5ltalere denne aften.<\/span>\n\n<span style=\"color: #ffffff;\">P.S. Sankt Hansblus p\u00e5 Skagen Strand har ogs\u00e5 120-\u00e5rs jubil\u00e6um i \u00e5r. I den anledning holder kunsthistoriker og formidlingsinspekt\u00f8r ved Skagens Museum, Anna M\u00f8rch, en kort b\u00e5ltale om v\u00e6rket og dets betydning.<\/span><br><br>\n\n<span style=\"color: #ffffff;\">Aftenens anden b\u00e5ltaler er Jon Andersen. Det er kun lidt over et halvt \u00e5r siden, han tiltr\u00e5dte som borgmester i Frederikshavn Kommune, og dermed ogs\u00e5 som borgmester for Skagen. Jon Andersen har understreget, at han \u00f8nsker at v\u00e6re borgmester for hele kommunen. Derfor gl\u00e6der vi os ogs\u00e5 til at h\u00f8re en tale, der kan v\u00e6re med til at samle os omkring b\u00e5let i aften.<\/span><br><br>\n\n<span style=\"color: #ffffff;\">Turistforeningen \u00f8nsker alle en rigtig god midsommer og en stemningsfuld Sankthansaften.<\/span><br>\n\n<span style=\"color: #ffffff;\">Med venlig hilsen<\/span>\n<span style=\"color: #ffffff;\">Nicolai J Nissen<\/span>\n<span style=\"color: #ffffff;\">Turistdirekt\u00f8r<\/span>\t\t\t\t\t\t\t\t<\/div>\n\t\t\t\t<\/div>\n\t\t\t\t\t<\/div>\n\t\t\t\t<\/div>\n\t\t<div data-particle_enable=\"false\" data-particle-mobile-disabled=\"false\" class=\"elementor-element elementor-element-b7369d5 e-flex e-con-boxed e-con e-parent\" data-id=\"b7369d5\" data-element_type=\"container\" data-e-type=\"container\" data-settings=\"{&quot;background_background&quot;:&quot;classic&quot;}\">\n\t\t\t\t\t<div class=\"e-con-inner\">\n\t\t\t\t<div class=\"elementor-element elementor-element-76afa9c elementor-widget elementor-widget-text-editor\" data-id=\"76afa9c\" data-element_type=\"widget\" data-e-type=\"widget\" data-widget_type=\"text-editor.default\">\n\t\t\t\t<div class=\"elementor-widget-container\">\n\t\t\t\t\t\t\t\t\t<h3 style=\"text-align: center;\"><strong><span style=\"color: #ffffff;\">F\u00f8lg med her for program 2027<\/span><\/strong><\/h3><p style=\"text-align: center;\"><span style=\"color: #ffffff;\">Vi gl\u00e6der os allerede til n\u00e6ste \u00e5r med Sankt Hans p\u00e5 S\u00f8nderstrand.<\/span><\/p>\t\t\t\t\t\t\t\t<\/div>\n\t\t\t\t<\/div>\n\t\t\t\t\t<\/div>\n\t\t\t\t<\/div>\n\t\t<div data-particle_enable=\"false\" data-particle-mobile-disabled=\"false\" class=\"elementor-element elementor-element-1906a33 e-flex e-con-boxed e-con e-parent\" data-id=\"1906a33\" data-element_type=\"container\" data-e-type=\"container\">\n\t\t\t\t\t<div class=\"e-con-inner\">\n\t\t\t\t<div class=\"elementor-element elementor-element-a296b7f elementor-widget elementor-widget-spacer\" data-id=\"a296b7f\" data-element_type=\"widget\" data-e-type=\"widget\" data-widget_type=\"spacer.default\">\n\t\t\t\t<div class=\"elementor-widget-container\">\n\t\t\t\t\t\t\t<div class=\"elementor-spacer\">\n\t\t\t<div class=\"elementor-spacer-inner\"><\/div>\n\t\t<\/div>\n\t\t\t\t\t\t<\/div>\n\t\t\t\t<\/div>\n\t\t\t\t\t<\/div>\n\t\t\t\t<\/div>\n\t\t<div data-particle_enable=\"false\" data-particle-mobile-disabled=\"false\" class=\"elementor-element elementor-element-445e43d e-flex e-con-boxed e-con e-parent\" data-id=\"445e43d\" data-element_type=\"container\" data-e-type=\"container\">\n\t\t\t\t\t<div class=\"e-con-inner\">\n\t\t\t\t<div class=\"elementor-element elementor-element-ec89304 elementor-arrows-position-inside elementor-pagination-position-outside elementor-widget elementor-widget-image-carousel\" data-id=\"ec89304\" data-element_type=\"widget\" data-e-type=\"widget\" data-settings=\"{&quot;slides_to_show&quot;:&quot;2&quot;,&quot;slides_to_scroll&quot;:&quot;2&quot;,&quot;navigation&quot;:&quot;both&quot;,&quot;autoplay&quot;:&quot;yes&quot;,&quot;pause_on_hover&quot;:&quot;yes&quot;,&quot;pause_on_interaction&quot;:&quot;yes&quot;,&quot;autoplay_speed&quot;:5000,&quot;infinite&quot;:&quot;yes&quot;,&quot;speed&quot;:500,&quot;image_spacing_custom&quot;:{&quot;unit&quot;:&quot;px&quot;,&quot;size&quot;:20,&quot;sizes&quot;:[]},&quot;image_spacing_custom_tablet&quot;:{&quot;unit&quot;:&quot;px&quot;,&quot;size&quot;:&quot;&quot;,&quot;sizes&quot;:[]},&quot;image_spacing_custom_mobile&quot;:{&quot;unit&quot;:&quot;px&quot;,&quot;size&quot;:&quot;&quot;,&quot;sizes&quot;:[]}}\" data-widget_type=\"image-carousel.default\">\n\t\t\t\t<div class=\"elementor-widget-container\">\n\t\t\t\t\t\t\t<div class=\"elementor-image-carousel-wrapper swiper\" role=\"region\" aria-roledescription=\"carousel\" aria-label=\"Image Carousel\" dir=\"ltr\">\n\t\t\t<div class=\"elementor-image-carousel swiper-wrapper\" aria-live=\"off\">\n\t\t\t\t\t\t\t\t<div class=\"swiper-slide\" role=\"group\" aria-roledescription=\"slide\" aria-label=\"1 af 5\"><figure class=\"swiper-slide-inner\"><img decoding=\"async\" class=\"swiper-slide-image\" src=\"https:\/\/i0.wp.com\/visitvendsyssel.dk\/wp-content\/uploads\/2024\/11\/sh_5.webp?fit=1920%2C1281&amp;ssl=1\" alt=\"sh_5\" \/><\/figure><\/div><div class=\"swiper-slide\" role=\"group\" aria-roledescription=\"slide\" aria-label=\"2 af 5\"><figure class=\"swiper-slide-inner\"><img decoding=\"async\" class=\"swiper-slide-image\" src=\"https:\/\/i0.wp.com\/visitvendsyssel.dk\/wp-content\/uploads\/2026\/06\/SparD_sort_-logo-1024x1024-1.webp?fit=4890%2C3248&amp;ssl=1\" alt=\"SparD_sort_ logo 1024x1024\" \/><\/figure><\/div><div class=\"swiper-slide\" role=\"group\" aria-roledescription=\"slide\" aria-label=\"3 af 5\"><figure class=\"swiper-slide-inner\"><img decoding=\"async\" class=\"swiper-slide-image\" src=\"https:\/\/i0.wp.com\/visitvendsyssel.dk\/wp-content\/uploads\/2024\/11\/sh_3.webp?fit=1920%2C1281&amp;ssl=1\" alt=\"sh_3\" \/><\/figure><\/div><div class=\"swiper-slide\" role=\"group\" aria-roledescription=\"slide\" aria-label=\"4 af 5\"><figure class=\"swiper-slide-inner\"><img decoding=\"async\" class=\"swiper-slide-image\" src=\"https:\/\/i0.wp.com\/visitvendsyssel.dk\/wp-content\/uploads\/2024\/11\/sh_2.webp?fit=1920%2C1280&amp;ssl=1\" alt=\"sh_2\" \/><\/figure><\/div><div class=\"swiper-slide\" role=\"group\" aria-roledescription=\"slide\" aria-label=\"5 af 5\"><figure class=\"swiper-slide-inner\"><img decoding=\"async\" class=\"swiper-slide-image\" src=\"https:\/\/i0.wp.com\/visitvendsyssel.dk\/wp-content\/uploads\/2024\/11\/sh_1.webp?fit=1920%2C1279&amp;ssl=1\" alt=\"sh_1\" \/><\/figure><\/div>\t\t\t<\/div>\n\t\t\t\t\t\t\t\t\t\t\t\t<div class=\"elementor-swiper-button elementor-swiper-button-prev\" role=\"button\" tabindex=\"0\">\n\t\t\t\t\t\t<svg aria-hidden=\"true\" class=\"e-font-icon-svg e-eicon-chevron-left\" viewBox=\"0 0 1000 1000\" xmlns=\"http:\/\/www.w3.org\/2000\/svg\"><path d=\"M646 125C629 125 613 133 604 142L308 442C296 454 292 471 292 487 292 504 296 521 308 533L604 854C617 867 629 875 646 875 663 875 679 871 692 858 704 846 713 829 713 812 713 796 708 779 692 767L438 487 692 225C700 217 708 204 708 187 708 171 704 154 692 142 675 129 663 125 646 125Z\"><\/path><\/svg>\t\t\t\t\t<\/div>\n\t\t\t\t\t<div class=\"elementor-swiper-button elementor-swiper-button-next\" role=\"button\" tabindex=\"0\">\n\t\t\t\t\t\t<svg aria-hidden=\"true\" class=\"e-font-icon-svg e-eicon-chevron-right\" viewBox=\"0 0 1000 1000\" xmlns=\"http:\/\/www.w3.org\/2000\/svg\"><path d=\"M696 533C708 521 713 504 713 487 713 471 708 454 696 446L400 146C388 133 375 125 354 125 338 125 325 129 313 142 300 154 292 171 292 187 292 204 296 221 308 233L563 492 304 771C292 783 288 800 288 817 288 833 296 850 308 863 321 871 338 875 354 875 371 875 388 867 400 854L696 533Z\"><\/path><\/svg>\t\t\t\t\t<\/div>\n\t\t\t\t\n\t\t\t\t\t\t\t\t\t<div class=\"swiper-pagination\"><\/div>\n\t\t\t\t\t\t\t\t\t<\/div>\n\t\t\t\t\t\t<\/div>\n\t\t\t\t<\/div>\n\t\t\t\t\t<\/div>\n\t\t\t\t<\/div>\n\t\t<div data-particle_enable=\"false\" data-particle-mobile-disabled=\"false\" class=\"elementor-element elementor-element-795d5b6 e-flex e-con-boxed e-con e-parent\" data-id=\"795d5b6\" data-element_type=\"container\" data-e-type=\"container\" data-settings=\"{&quot;background_background&quot;:&quot;slideshow&quot;,&quot;background_slideshow_gallery&quot;:[{&quot;id&quot;:22957,&quot;url&quot;:&quot;https:\\\/\\\/visitvendsyssel.dk\\\/wp-content\\\/uploads\\\/2026\\\/06\\\/Sankt-Hans-baal-1024x1024-1.webp&quot;}],&quot;background_slideshow_loop&quot;:&quot;yes&quot;,&quot;background_slideshow_slide_duration&quot;:5000,&quot;background_slideshow_slide_transition&quot;:&quot;fade&quot;,&quot;background_slideshow_transition_duration&quot;:500}\">\n\t\t\t\t\t<div class=\"e-con-inner\">\n\t\t<div data-particle_enable=\"false\" data-particle-mobile-disabled=\"false\" class=\"elementor-element elementor-element-5495390 e-con-full e-flex e-con e-child\" data-id=\"5495390\" data-element_type=\"container\" data-e-type=\"container\" data-settings=\"{&quot;background_background&quot;:&quot;classic&quot;}\">\n\t\t\t\t<\/div>\n\t\t<div data-particle_enable=\"false\" data-particle-mobile-disabled=\"false\" class=\"elementor-element elementor-element-9e22476 e-con-full e-flex e-con e-child\" data-id=\"9e22476\" data-element_type=\"container\" data-e-type=\"container\">\n\t\t\t\t<div class=\"elementor-element elementor-element-fc7f746 elementor-widget elementor-widget-heading\" data-id=\"fc7f746\" data-element_type=\"widget\" data-e-type=\"widget\" data-widget_type=\"heading.default\">\n\t\t\t\t<div class=\"elementor-widget-container\">\n\t\t\t\t\t<h2 class=\"elementor-heading-title elementor-size-default\">B\u00e5ltale og musikalske indslag<\/h2>\t\t\t\t<\/div>\n\t\t\t\t<\/div>\n\t\t\t\t<div class=\"elementor-element elementor-element-118f36e elementor-widget elementor-widget-text-editor\" data-id=\"118f36e\" data-element_type=\"widget\" data-e-type=\"widget\" data-widget_type=\"text-editor.default\">\n\t\t\t\t<div class=\"elementor-widget-container\">\n\t\t\t\t\t\t\t\t\t<p>Arrangementet byder altid p\u00e5 inspirerende b\u00e5ltaler, ofte af kendte personligheder med tilknytning til Skagen eller Nordjylland. Med stemningsfulde musikalske indslag og f\u00e6llessang forenes deltagerne omkring b\u00e5let, og sangene understreger den danske midsommers \u00e5nd \u2013 samh\u00f8righed, naturens sk\u00f8nhed og en hyldest til fred og frihed.<\/p><p>\u00a0<\/p><p><em>Sparekassen Danmark er sponsor for Sankt Hans p\u00e5 S\u00f8nderstrand.<\/em><\/p>\t\t\t\t\t\t\t\t<\/div>\n\t\t\t\t<\/div>\n\t\t\t\t<\/div>\n\t\t\t\t\t<\/div>\n\t\t\t\t<\/div>\n\t\t<div data-particle_enable=\"false\" data-particle-mobile-disabled=\"false\" class=\"elementor-element elementor-element-aa6b1e6 e-flex e-con-boxed e-con e-parent\" data-id=\"aa6b1e6\" data-element_type=\"container\" data-e-type=\"container\">\n\t\t\t\t\t<div class=\"e-con-inner\">\n\t\t\t\t<div class=\"elementor-element elementor-element-e160f42 elementor-widget elementor-widget-spacer\" data-id=\"e160f42\" data-element_type=\"widget\" data-e-type=\"widget\" data-widget_type=\"spacer.default\">\n\t\t\t\t<div class=\"elementor-widget-container\">\n\t\t\t\t\t\t\t<div class=\"elementor-spacer\">\n\t\t\t<div class=\"elementor-spacer-inner\"><\/div>\n\t\t<\/div>\n\t\t\t\t\t\t<\/div>\n\t\t\t\t<\/div>\n\t\t\t\t\t<\/div>\n\t\t\t\t<\/div>\n\t\t<div data-particle_enable=\"false\" data-particle-mobile-disabled=\"false\" class=\"elementor-element elementor-element-240f50c e-flex e-con-boxed e-con e-parent\" data-id=\"240f50c\" data-element_type=\"container\" data-e-type=\"container\">\n\t\t\t\t\t<div class=\"e-con-inner\">\n\t\t\t\t<div class=\"elementor-element elementor-element-fd3f85a elementor-widget elementor-widget-spacer\" data-id=\"fd3f85a\" data-element_type=\"widget\" data-e-type=\"widget\" data-widget_type=\"spacer.default\">\n\t\t\t\t<div class=\"elementor-widget-container\">\n\t\t\t\t\t\t\t<div class=\"elementor-spacer\">\n\t\t\t<div class=\"elementor-spacer-inner\"><\/div>\n\t\t<\/div>\n\t\t\t\t\t\t<\/div>\n\t\t\t\t<\/div>\n\t\t\t\t\t<\/div>\n\t\t\t\t<\/div>\n\t\t\t\t<section data-particle_enable=\"false\" data-particle-mobile-disabled=\"false\" class=\"elementor-section elementor-top-section elementor-element elementor-element-3ccbfcb elementor-section-boxed elementor-section-height-default elementor-section-height-default\" data-id=\"3ccbfcb\" data-element_type=\"section\" data-e-type=\"section\">\n\t\t\t\t\t\t<div class=\"elementor-container elementor-column-gap-no\">\n\t\t\t\t\t<div class=\"elementor-column elementor-col-100 elementor-top-column elementor-element elementor-element-48c8250\" data-id=\"48c8250\" data-element_type=\"column\" data-e-type=\"column\">\n\t\t\t<div class=\"elementor-widget-wrap elementor-element-populated\">\n\t\t\t\t\t\t<div class=\"elementor-element elementor-element-4660646 elementor-widget__width-auto elementor-widget-divider--view-line elementor-widget elementor-widget-divider\" data-id=\"4660646\" data-element_type=\"widget\" data-e-type=\"widget\" data-widget_type=\"divider.default\">\n\t\t\t\t<div class=\"elementor-widget-container\">\n\t\t\t\t\t\t\t<div class=\"elementor-divider\">\n\t\t\t<span class=\"elementor-divider-separator\">\n\t\t\t\t\t\t<\/span>\n\t\t<\/div>\n\t\t\t\t\t\t<\/div>\n\t\t\t\t<\/div>\n\t\t\t\t<div class=\"elementor-element elementor-element-62a5de8 elementor-widget__width-auto elementor-widget elementor-widget-heading\" data-id=\"62a5de8\" data-element_type=\"widget\" data-e-type=\"widget\" data-widget_type=\"heading.default\">\n\t\t\t\t<div class=\"elementor-widget-container\">\n\t\t\t\t\t<h6 class=\"elementor-heading-title elementor-size-default\">ARTIKLER<\/h6>\t\t\t\t<\/div>\n\t\t\t\t<\/div>\n\t\t\t\t<div class=\"elementor-element elementor-element-b0bf79c elementor-widget elementor-widget-heading\" data-id=\"b0bf79c\" data-element_type=\"widget\" data-e-type=\"widget\" data-widget_type=\"heading.default\">\n\t\t\t\t<div class=\"elementor-widget-container\">\n\t\t\t\t\t<h2 class=\"elementor-heading-title elementor-size-default\">SENESTE OPSLAG<\/h2>\t\t\t\t<\/div>\n\t\t\t\t<\/div>\n\t\t\t\t<div class=\"elementor-element elementor-element-c8d33e3 elementor-widget elementor-widget-text-editor\" data-id=\"c8d33e3\" data-element_type=\"widget\" data-e-type=\"widget\" data-widget_type=\"text-editor.default\">\n\t\t\t\t<div class=\"elementor-widget-container\">\n\t\t\t\t\t\t\t\t\t<p>L\u00e6s lokale vinkler og artikler. Vi samler viden og inspiration, s\u00e5 du kan blive klogere p\u00e5 oplevelserne der venter.<\/p>\t\t\t\t\t\t\t\t<\/div>\n\t\t\t\t<\/div>\n\t\t\t\t<div class=\"elementor-element elementor-element-dddef94 elementor-grid-3 elementor-grid-tablet-2 elementor-grid-mobile-1 elementor-posts--thumbnail-top elementor-widget elementor-widget-posts\" data-id=\"dddef94\" data-element_type=\"widget\" data-e-type=\"widget\" data-settings=\"{&quot;classic_row_gap&quot;:{&quot;unit&quot;:&quot;px&quot;,&quot;size&quot;:40,&quot;sizes&quot;:[]},&quot;classic_columns&quot;:&quot;3&quot;,&quot;classic_columns_tablet&quot;:&quot;2&quot;,&quot;classic_columns_mobile&quot;:&quot;1&quot;,&quot;classic_row_gap_tablet&quot;:{&quot;unit&quot;:&quot;px&quot;,&quot;size&quot;:&quot;&quot;,&quot;sizes&quot;:[]},&quot;classic_row_gap_mobile&quot;:{&quot;unit&quot;:&quot;px&quot;,&quot;size&quot;:&quot;&quot;,&quot;sizes&quot;:[]}}\" data-widget_type=\"posts.classic\">\n\t\t\t\t<div class=\"elementor-widget-container\">\n\t\t\t\t\t\t\t<div class=\"elementor-posts-container elementor-posts elementor-posts--skin-classic elementor-grid\" role=\"list\">\n\t\t\t\t<article class=\"elementor-post elementor-grid-item post-24536 post type-post status-publish format-standard has-post-thumbnail hentry category-skagen\" role=\"listitem\">\n\t\t\t\t<a class=\"elementor-post__thumbnail__link\" href=\"https:\/\/visitvendsyssel.dk\/de\/hjulmandkaptain-har-bakket-op-om-maraton-siden-2010-skagen-marathon-er-paa-et-meget-hoejt-niveau\/\" tabindex=\"-1\" >\n\t\t\t<div class=\"elementor-post__thumbnail\"><img decoding=\"async\" width=\"1024\" height=\"1024\" src=\"https:\/\/i0.wp.com\/visitvendsyssel.dk\/wp-content\/uploads\/2026\/09\/HjulmandKaptajn.webp?fit=1024%2C1024&amp;ssl=1\" class=\"attachment-full size-full wp-image-24542\" alt=\"\" data-attachment-id=\"24542\" data-permalink=\"https:\/\/visitvendsyssel.dk\/de\/hjulmandkaptain-har-bakket-op-om-maraton-siden-2010-skagen-marathon-er-paa-et-meget-hoejt-niveau\/hjulmandkaptajn\/\" data-orig-file=\"https:\/\/i0.wp.com\/visitvendsyssel.dk\/wp-content\/uploads\/2026\/09\/HjulmandKaptajn.webp?fit=1024%2C1024&amp;ssl=1\" data-orig-size=\"1024,1024\" data-comments-opened=\"0\" data-image-meta=\"{&quot;aperture&quot;:&quot;0&quot;,&quot;credit&quot;:&quot;&quot;,&quot;camera&quot;:&quot;&quot;,&quot;caption&quot;:&quot;&quot;,&quot;created_timestamp&quot;:&quot;0&quot;,&quot;copyright&quot;:&quot;&quot;,&quot;focal_length&quot;:&quot;0&quot;,&quot;iso&quot;:&quot;0&quot;,&quot;shutter_speed&quot;:&quot;0&quot;,&quot;title&quot;:&quot;&quot;,&quot;orientation&quot;:&quot;0&quot;,&quot;alt&quot;:&quot;&quot;}\" data-image-title=\"HjulmandKaptajn\" data-image-description=\"\" data-image-caption=\"\" data-large-file=\"https:\/\/i0.wp.com\/visitvendsyssel.dk\/wp-content\/uploads\/2026\/09\/HjulmandKaptajn.webp?fit=800%2C800&amp;ssl=1\" srcset=\"https:\/\/i0.wp.com\/visitvendsyssel.dk\/wp-content\/uploads\/2026\/09\/HjulmandKaptajn.webp?w=1024&amp;ssl=1 1024w, https:\/\/i0.wp.com\/visitvendsyssel.dk\/wp-content\/uploads\/2026\/09\/HjulmandKaptajn.webp?resize=300%2C300&amp;ssl=1 300w, https:\/\/i0.wp.com\/visitvendsyssel.dk\/wp-content\/uploads\/2026\/09\/HjulmandKaptajn.webp?resize=150%2C150&amp;ssl=1 150w, https:\/\/i0.wp.com\/visitvendsyssel.dk\/wp-content\/uploads\/2026\/09\/HjulmandKaptajn.webp?resize=768%2C768&amp;ssl=1 768w, https:\/\/i0.wp.com\/visitvendsyssel.dk\/wp-content\/uploads\/2026\/09\/HjulmandKaptajn.webp?resize=12%2C12&amp;ssl=1 12w\" sizes=\"(max-width: 800px) 100vw, 800px\" \/><\/div>\n\t\t<\/a>\n\t\t\t\t<div class=\"elementor-post__text\">\n\t\t\t\t<h6 class=\"elementor-post__title\">\n\t\t\t<a href=\"https:\/\/visitvendsyssel.dk\/de\/hjulmandkaptain-har-bakket-op-om-maraton-siden-2010-skagen-marathon-er-paa-et-meget-hoejt-niveau\/\" >\n\t\t\t\tHjulmandKaptain har bakket op om maraton siden 2010: \u201dSkagen Marathon er p\u00e5 et meget h\u00f8jt niveau\u201d\t\t\t<\/a>\n\t\t<\/h6>\n\t\t\n\t\t<a class=\"elementor-post__read-more\" href=\"https:\/\/visitvendsyssel.dk\/de\/hjulmandkaptain-har-bakket-op-om-maraton-siden-2010-skagen-marathon-er-paa-et-meget-hoejt-niveau\/\" aria-label=\"Mehr \u00fcber HjulmandKaptain har bakket op om maraton siden 2010: \u201dSkagen Marathon er p\u00e5 et meget h\u00f8jt niveau\u201d\" tabindex=\"-1\" >\n\t\t\tL\u00e6s mere\t\t<\/a>\n\n\t\t\t\t<\/div>\n\t\t\t\t<\/article>\n\t\t\t\t<article class=\"elementor-post elementor-grid-item post-24530 post type-post status-publish format-standard has-post-thumbnail hentry category-skagen\" role=\"listitem\">\n\t\t\t\t<a class=\"elementor-post__thumbnail__link\" href=\"https:\/\/visitvendsyssel.dk\/de\/naar-skagboerne-loefter-i-flok-derfor-har-spar-nord-vaeret-sponsor-af-skagen-marathon-siden-begyndelsen\/\" tabindex=\"-1\" >\n\t\t\t<div class=\"elementor-post__thumbnail\"><img decoding=\"async\" width=\"451\" height=\"640\" src=\"https:\/\/i0.wp.com\/visitvendsyssel.dk\/wp-content\/uploads\/2026\/09\/Birgitte-Pedersen-Spar-Nord-Totalraadgiver.webp?fit=451%2C640&amp;ssl=1\" class=\"attachment-full size-full wp-image-24531\" alt=\"\" data-attachment-id=\"24531\" data-permalink=\"https:\/\/visitvendsyssel.dk\/de\/naar-skagboerne-loefter-i-flok-derfor-har-spar-nord-vaeret-sponsor-af-skagen-marathon-siden-begyndelsen\/birgitte-pedersen-spar-nord-totalraadgiver\/\" data-orig-file=\"https:\/\/i0.wp.com\/visitvendsyssel.dk\/wp-content\/uploads\/2026\/09\/Birgitte-Pedersen-Spar-Nord-Totalraadgiver.webp?fit=451%2C640&amp;ssl=1\" data-orig-size=\"451,640\" data-comments-opened=\"0\" data-image-meta=\"{&quot;aperture&quot;:&quot;0&quot;,&quot;credit&quot;:&quot;&quot;,&quot;camera&quot;:&quot;&quot;,&quot;caption&quot;:&quot;&quot;,&quot;created_timestamp&quot;:&quot;0&quot;,&quot;copyright&quot;:&quot;&quot;,&quot;focal_length&quot;:&quot;0&quot;,&quot;iso&quot;:&quot;0&quot;,&quot;shutter_speed&quot;:&quot;0&quot;,&quot;title&quot;:&quot;&quot;,&quot;orientation&quot;:&quot;0&quot;,&quot;alt&quot;:&quot;&quot;}\" data-image-title=\"Birgitte Pedersen Spar Nord Totalr\u00e5dgiver\" data-image-description=\"\" data-image-caption=\"\" data-large-file=\"https:\/\/i0.wp.com\/visitvendsyssel.dk\/wp-content\/uploads\/2026\/09\/Birgitte-Pedersen-Spar-Nord-Totalraadgiver.webp?fit=451%2C640&amp;ssl=1\" srcset=\"https:\/\/i0.wp.com\/visitvendsyssel.dk\/wp-content\/uploads\/2026\/09\/Birgitte-Pedersen-Spar-Nord-Totalraadgiver.webp?w=451&amp;ssl=1 451w, https:\/\/i0.wp.com\/visitvendsyssel.dk\/wp-content\/uploads\/2026\/09\/Birgitte-Pedersen-Spar-Nord-Totalraadgiver.webp?resize=211%2C300&amp;ssl=1 211w, https:\/\/i0.wp.com\/visitvendsyssel.dk\/wp-content\/uploads\/2026\/09\/Birgitte-Pedersen-Spar-Nord-Totalraadgiver.webp?resize=8%2C12&amp;ssl=1 8w\" sizes=\"(max-width: 451px) 100vw, 451px\" \/><\/div>\n\t\t<\/a>\n\t\t\t\t<div class=\"elementor-post__text\">\n\t\t\t\t<h6 class=\"elementor-post__title\">\n\t\t\t<a href=\"https:\/\/visitvendsyssel.dk\/de\/naar-skagboerne-loefter-i-flok-derfor-har-spar-nord-vaeret-sponsor-af-skagen-marathon-siden-begyndelsen\/\" >\n\t\t\t\tN\u00e5r skagboerne l\u00f8fter i flok: Derfor har Spar Nord v\u00e6ret sponsor af Skagen Marathon siden begyndelsen\t\t\t<\/a>\n\t\t<\/h6>\n\t\t\n\t\t<a class=\"elementor-post__read-more\" href=\"https:\/\/visitvendsyssel.dk\/de\/naar-skagboerne-loefter-i-flok-derfor-har-spar-nord-vaeret-sponsor-af-skagen-marathon-siden-begyndelsen\/\" aria-label=\"Mehr \u00fcber N\u00e5r skagboerne l\u00f8fter i flok: Derfor har Spar Nord v\u00e6ret sponsor af Skagen Marathon siden begyndelsen\" tabindex=\"-1\" >\n\t\t\tL\u00e6s mere\t\t<\/a>\n\n\t\t\t\t<\/div>\n\t\t\t\t<\/article>\n\t\t\t\t<article class=\"elementor-post elementor-grid-item post-24524 post type-post status-publish format-standard has-post-thumbnail hentry category-skagen\" role=\"listitem\">\n\t\t\t\t<a class=\"elementor-post__thumbnail__link\" href=\"https:\/\/visitvendsyssel.dk\/de\/derfor-bakker-office-destination-op-om-skagen-marathon-vi-vil-gerne-deltage-i-det-lokale\/\" tabindex=\"-1\" >\n\t\t\t<div class=\"elementor-post__thumbnail\"><img loading=\"lazy\" decoding=\"async\" width=\"500\" height=\"500\" src=\"https:\/\/i0.wp.com\/visitvendsyssel.dk\/wp-content\/uploads\/2026\/09\/OfficeDestination-500x500-1.webp?fit=500%2C500&amp;ssl=1\" class=\"attachment-full size-full wp-image-24525\" alt=\"\" data-attachment-id=\"24525\" data-permalink=\"https:\/\/visitvendsyssel.dk\/de\/derfor-bakker-office-destination-op-om-skagen-marathon-vi-vil-gerne-deltage-i-det-lokale\/officedestination-500x500\/\" data-orig-file=\"https:\/\/i0.wp.com\/visitvendsyssel.dk\/wp-content\/uploads\/2026\/09\/OfficeDestination-500x500-1.webp?fit=500%2C500&amp;ssl=1\" data-orig-size=\"500,500\" data-comments-opened=\"0\" data-image-meta=\"{&quot;aperture&quot;:&quot;0&quot;,&quot;credit&quot;:&quot;&quot;,&quot;camera&quot;:&quot;&quot;,&quot;caption&quot;:&quot;&quot;,&quot;created_timestamp&quot;:&quot;0&quot;,&quot;copyright&quot;:&quot;&quot;,&quot;focal_length&quot;:&quot;0&quot;,&quot;iso&quot;:&quot;0&quot;,&quot;shutter_speed&quot;:&quot;0&quot;,&quot;title&quot;:&quot;&quot;,&quot;orientation&quot;:&quot;0&quot;,&quot;alt&quot;:&quot;&quot;}\" data-image-title=\"OfficeDestination 500&amp;#215;500\" data-image-description=\"\" data-image-caption=\"\" data-large-file=\"https:\/\/i0.wp.com\/visitvendsyssel.dk\/wp-content\/uploads\/2026\/09\/OfficeDestination-500x500-1.webp?fit=500%2C500&amp;ssl=1\" srcset=\"https:\/\/i0.wp.com\/visitvendsyssel.dk\/wp-content\/uploads\/2026\/09\/OfficeDestination-500x500-1.webp?w=500&amp;ssl=1 500w, https:\/\/i0.wp.com\/visitvendsyssel.dk\/wp-content\/uploads\/2026\/09\/OfficeDestination-500x500-1.webp?resize=300%2C300&amp;ssl=1 300w, https:\/\/i0.wp.com\/visitvendsyssel.dk\/wp-content\/uploads\/2026\/09\/OfficeDestination-500x500-1.webp?resize=150%2C150&amp;ssl=1 150w, https:\/\/i0.wp.com\/visitvendsyssel.dk\/wp-content\/uploads\/2026\/09\/OfficeDestination-500x500-1.webp?resize=12%2C12&amp;ssl=1 12w\" sizes=\"(max-width: 500px) 100vw, 500px\" \/><\/div>\n\t\t<\/a>\n\t\t\t\t<div class=\"elementor-post__text\">\n\t\t\t\t<h6 class=\"elementor-post__title\">\n\t\t\t<a href=\"https:\/\/visitvendsyssel.dk\/de\/derfor-bakker-office-destination-op-om-skagen-marathon-vi-vil-gerne-deltage-i-det-lokale\/\" >\n\t\t\t\tDerfor bakker Office Destination op om Skagen Marathon: \u201dVi vil gerne deltage i det lokale\u201d\t\t\t<\/a>\n\t\t<\/h6>\n\t\t\n\t\t<a class=\"elementor-post__read-more\" href=\"https:\/\/visitvendsyssel.dk\/de\/derfor-bakker-office-destination-op-om-skagen-marathon-vi-vil-gerne-deltage-i-det-lokale\/\" aria-label=\"Mehr \u00fcber Derfor bakker Office Destination op om Skagen Marathon: \u201dVi vil gerne deltage i det lokale\u201d\" tabindex=\"-1\" >\n\t\t\tL\u00e6s mere\t\t<\/a>\n\n\t\t\t\t<\/div>\n\t\t\t\t<\/article>\n\t\t\t\t<article class=\"elementor-post elementor-grid-item post-24504 post type-post status-publish format-standard has-post-thumbnail hentry category-skagen\" role=\"listitem\">\n\t\t\t\t<a class=\"elementor-post__thumbnail__link\" href=\"https:\/\/visitvendsyssel.dk\/de\/fra-maalstreg-til-menukort-jakobs-cafe-og-bar-har-bakket-op-om-skagen-marathon-fra-dag-et\/\" tabindex=\"-1\" >\n\t\t\t<div class=\"elementor-post__thumbnail\"><img loading=\"lazy\" decoding=\"async\" width=\"1536\" height=\"1536\" src=\"https:\/\/i0.wp.com\/visitvendsyssel.dk\/wp-content\/uploads\/2024\/12\/Jakobs-Cafe-Bar-facade-fra-Havnegade.webp?fit=1536%2C1536&amp;ssl=1\" class=\"attachment-full size-full wp-image-15764\" alt=\"\" data-attachment-id=\"15764\" data-permalink=\"https:\/\/visitvendsyssel.dk\/de\/jakobs-cafe-og-bar\/jakobs-cafe-bar-facade-fra-havnegade\/\" data-orig-file=\"https:\/\/i0.wp.com\/visitvendsyssel.dk\/wp-content\/uploads\/2024\/12\/Jakobs-Cafe-Bar-facade-fra-Havnegade.webp?fit=1536%2C1536&amp;ssl=1\" data-orig-size=\"1536,1536\" data-comments-opened=\"1\" data-image-meta=\"{&quot;aperture&quot;:&quot;0&quot;,&quot;credit&quot;:&quot;&quot;,&quot;camera&quot;:&quot;&quot;,&quot;caption&quot;:&quot;&quot;,&quot;created_timestamp&quot;:&quot;0&quot;,&quot;copyright&quot;:&quot;&quot;,&quot;focal_length&quot;:&quot;0&quot;,&quot;iso&quot;:&quot;0&quot;,&quot;shutter_speed&quot;:&quot;0&quot;,&quot;title&quot;:&quot;&quot;,&quot;orientation&quot;:&quot;0&quot;}\" data-image-title=\"Jakobs Cafe\u0301 &amp;#038; Bar facade fra Havnegade\" data-image-description=\"\" data-image-caption=\"\" data-large-file=\"https:\/\/i0.wp.com\/visitvendsyssel.dk\/wp-content\/uploads\/2024\/12\/Jakobs-Cafe-Bar-facade-fra-Havnegade.webp?fit=800%2C800&amp;ssl=1\" srcset=\"https:\/\/i0.wp.com\/visitvendsyssel.dk\/wp-content\/uploads\/2024\/12\/Jakobs-Cafe-Bar-facade-fra-Havnegade.webp?w=1536&amp;ssl=1 1536w, https:\/\/i0.wp.com\/visitvendsyssel.dk\/wp-content\/uploads\/2024\/12\/Jakobs-Cafe-Bar-facade-fra-Havnegade.webp?resize=300%2C300&amp;ssl=1 300w, https:\/\/i0.wp.com\/visitvendsyssel.dk\/wp-content\/uploads\/2024\/12\/Jakobs-Cafe-Bar-facade-fra-Havnegade.webp?resize=1024%2C1024&amp;ssl=1 1024w, https:\/\/i0.wp.com\/visitvendsyssel.dk\/wp-content\/uploads\/2024\/12\/Jakobs-Cafe-Bar-facade-fra-Havnegade.webp?resize=150%2C150&amp;ssl=1 150w, https:\/\/i0.wp.com\/visitvendsyssel.dk\/wp-content\/uploads\/2024\/12\/Jakobs-Cafe-Bar-facade-fra-Havnegade.webp?resize=768%2C768&amp;ssl=1 768w, https:\/\/i0.wp.com\/visitvendsyssel.dk\/wp-content\/uploads\/2024\/12\/Jakobs-Cafe-Bar-facade-fra-Havnegade.webp?resize=12%2C12&amp;ssl=1 12w\" sizes=\"(max-width: 800px) 100vw, 800px\" \/><\/div>\n\t\t<\/a>\n\t\t\t\t<div class=\"elementor-post__text\">\n\t\t\t\t<h6 class=\"elementor-post__title\">\n\t\t\t<a href=\"https:\/\/visitvendsyssel.dk\/de\/fra-maalstreg-til-menukort-jakobs-cafe-og-bar-har-bakket-op-om-skagen-marathon-fra-dag-et\/\" >\n\t\t\t\tFra m\u00e5lstreg til menukort: Jakobs Caf\u00e9 og Bar har bakket op om Skagen Marathon fra dag \u00e9t\t\t\t<\/a>\n\t\t<\/h6>\n\t\t\n\t\t<a class=\"elementor-post__read-more\" href=\"https:\/\/visitvendsyssel.dk\/de\/fra-maalstreg-til-menukort-jakobs-cafe-og-bar-har-bakket-op-om-skagen-marathon-fra-dag-et\/\" aria-label=\"Mehr \u00fcber Fra m\u00e5lstreg til menukort: Jakobs Caf\u00e9 og Bar har bakket op om Skagen Marathon fra dag \u00e9t\" tabindex=\"-1\" >\n\t\t\tL\u00e6s mere\t\t<\/a>\n\n\t\t\t\t<\/div>\n\t\t\t\t<\/article>\n\t\t\t\t<article class=\"elementor-post elementor-grid-item post-24499 post type-post status-publish format-standard has-post-thumbnail hentry category-skagen\" role=\"listitem\">\n\t\t\t\t<a class=\"elementor-post__thumbnail__link\" href=\"https:\/\/visitvendsyssel.dk\/de\/danhostel-skagen-er-stolt-sponsor-af-skagen-marathon-vi-har-naesten-altid-fuldt-booket\/\" tabindex=\"-1\" >\n\t\t\t<div class=\"elementor-post__thumbnail\"><img loading=\"lazy\" decoding=\"async\" width=\"1920\" height=\"1440\" src=\"https:\/\/i0.wp.com\/visitvendsyssel.dk\/wp-content\/uploads\/2024\/11\/Danhostel-Skagen-facade.webp?fit=1920%2C1440&amp;ssl=1\" class=\"attachment-full size-full wp-image-14711\" alt=\"\" data-attachment-id=\"14711\" data-permalink=\"https:\/\/visitvendsyssel.dk\/de\/danhostel-skagen\/danhostel-skagen-facade\/\" data-orig-file=\"https:\/\/i0.wp.com\/visitvendsyssel.dk\/wp-content\/uploads\/2024\/11\/Danhostel-Skagen-facade.webp?fit=1920%2C1440&amp;ssl=1\" data-orig-size=\"1920,1440\" data-comments-opened=\"1\" data-image-meta=\"{&quot;aperture&quot;:&quot;0&quot;,&quot;credit&quot;:&quot;&quot;,&quot;camera&quot;:&quot;&quot;,&quot;caption&quot;:&quot;&quot;,&quot;created_timestamp&quot;:&quot;0&quot;,&quot;copyright&quot;:&quot;&quot;,&quot;focal_length&quot;:&quot;0&quot;,&quot;iso&quot;:&quot;0&quot;,&quot;shutter_speed&quot;:&quot;0&quot;,&quot;title&quot;:&quot;&quot;,&quot;orientation&quot;:&quot;0&quot;}\" data-image-title=\"Danhostel Skagen facade\" data-image-description=\"\" data-image-caption=\"\" data-large-file=\"https:\/\/i0.wp.com\/visitvendsyssel.dk\/wp-content\/uploads\/2024\/11\/Danhostel-Skagen-facade.webp?fit=800%2C600&amp;ssl=1\" srcset=\"https:\/\/i0.wp.com\/visitvendsyssel.dk\/wp-content\/uploads\/2024\/11\/Danhostel-Skagen-facade.webp?w=1920&amp;ssl=1 1920w, https:\/\/i0.wp.com\/visitvendsyssel.dk\/wp-content\/uploads\/2024\/11\/Danhostel-Skagen-facade.webp?resize=300%2C225&amp;ssl=1 300w, https:\/\/i0.wp.com\/visitvendsyssel.dk\/wp-content\/uploads\/2024\/11\/Danhostel-Skagen-facade.webp?resize=1024%2C768&amp;ssl=1 1024w, https:\/\/i0.wp.com\/visitvendsyssel.dk\/wp-content\/uploads\/2024\/11\/Danhostel-Skagen-facade.webp?resize=768%2C576&amp;ssl=1 768w, https:\/\/i0.wp.com\/visitvendsyssel.dk\/wp-content\/uploads\/2024\/11\/Danhostel-Skagen-facade.webp?resize=1536%2C1152&amp;ssl=1 1536w, https:\/\/i0.wp.com\/visitvendsyssel.dk\/wp-content\/uploads\/2024\/11\/Danhostel-Skagen-facade.webp?resize=16%2C12&amp;ssl=1 16w, https:\/\/i0.wp.com\/visitvendsyssel.dk\/wp-content\/uploads\/2024\/11\/Danhostel-Skagen-facade.webp?w=1600&amp;ssl=1 1600w\" sizes=\"(max-width: 800px) 100vw, 800px\" \/><\/div>\n\t\t<\/a>\n\t\t\t\t<div class=\"elementor-post__text\">\n\t\t\t\t<h6 class=\"elementor-post__title\">\n\t\t\t<a href=\"https:\/\/visitvendsyssel.dk\/de\/danhostel-skagen-er-stolt-sponsor-af-skagen-marathon-vi-har-naesten-altid-fuldt-booket\/\" >\n\t\t\t\tDanhostel Skagen er stolt sponsor af Skagen Marathon: \u201dVi har n\u00e6sten altid fuldt booket\u201d\t\t\t<\/a>\n\t\t<\/h6>\n\t\t\n\t\t<a class=\"elementor-post__read-more\" href=\"https:\/\/visitvendsyssel.dk\/de\/danhostel-skagen-er-stolt-sponsor-af-skagen-marathon-vi-har-naesten-altid-fuldt-booket\/\" aria-label=\"Mehr \u00fcber Danhostel Skagen er stolt sponsor af Skagen Marathon: \u201dVi har n\u00e6sten altid fuldt booket\u201d\" tabindex=\"-1\" >\n\t\t\tL\u00e6s mere\t\t<\/a>\n\n\t\t\t\t<\/div>\n\t\t\t\t<\/article>\n\t\t\t\t<article class=\"elementor-post elementor-grid-item post-24475 post type-post status-publish format-standard has-post-thumbnail hentry category-skagen\" role=\"listitem\">\n\t\t\t\t<a class=\"elementor-post__thumbnail__link\" href=\"https:\/\/visitvendsyssel.dk\/de\/derfor-investerer-sparekassen-danmark-i-skagen-marathon-det-giver-noget-til-byen\/\" tabindex=\"-1\" >\n\t\t\t<div class=\"elementor-post__thumbnail\"><img loading=\"lazy\" decoding=\"async\" width=\"400\" height=\"400\" src=\"https:\/\/i0.wp.com\/visitvendsyssel.dk\/wp-content\/uploads\/2026\/08\/Rasmus-Rump-Rasmussen.jpg?fit=400%2C400&amp;ssl=1\" class=\"attachment-full size-full wp-image-24476\" alt=\"\" data-attachment-id=\"24476\" data-permalink=\"https:\/\/visitvendsyssel.dk\/de\/derfor-investerer-sparekassen-danmark-i-skagen-marathon-det-giver-noget-til-byen\/rasmus-rump-rasmussen\/\" data-orig-file=\"https:\/\/i0.wp.com\/visitvendsyssel.dk\/wp-content\/uploads\/2026\/08\/Rasmus-Rump-Rasmussen.jpg?fit=400%2C400&amp;ssl=1\" data-orig-size=\"400,400\" data-comments-opened=\"0\" data-image-meta=\"{&quot;aperture&quot;:&quot;0&quot;,&quot;credit&quot;:&quot;&quot;,&quot;camera&quot;:&quot;&quot;,&quot;caption&quot;:&quot;&quot;,&quot;created_timestamp&quot;:&quot;0&quot;,&quot;copyright&quot;:&quot;&quot;,&quot;focal_length&quot;:&quot;0&quot;,&quot;iso&quot;:&quot;0&quot;,&quot;shutter_speed&quot;:&quot;0&quot;,&quot;title&quot;:&quot;&quot;,&quot;orientation&quot;:&quot;0&quot;,&quot;alt&quot;:&quot;&quot;}\" data-image-title=\"Rasmus Rump Rasmussen\" data-image-description=\"\" data-image-caption=\"\" data-large-file=\"https:\/\/i0.wp.com\/visitvendsyssel.dk\/wp-content\/uploads\/2026\/08\/Rasmus-Rump-Rasmussen.jpg?fit=400%2C400&amp;ssl=1\" srcset=\"https:\/\/i0.wp.com\/visitvendsyssel.dk\/wp-content\/uploads\/2026\/08\/Rasmus-Rump-Rasmussen.jpg?w=400&amp;ssl=1 400w, https:\/\/i0.wp.com\/visitvendsyssel.dk\/wp-content\/uploads\/2026\/08\/Rasmus-Rump-Rasmussen.jpg?resize=300%2C300&amp;ssl=1 300w, https:\/\/i0.wp.com\/visitvendsyssel.dk\/wp-content\/uploads\/2026\/08\/Rasmus-Rump-Rasmussen.jpg?resize=150%2C150&amp;ssl=1 150w, https:\/\/i0.wp.com\/visitvendsyssel.dk\/wp-content\/uploads\/2026\/08\/Rasmus-Rump-Rasmussen.jpg?resize=12%2C12&amp;ssl=1 12w\" sizes=\"(max-width: 400px) 100vw, 400px\" \/><\/div>\n\t\t<\/a>\n\t\t\t\t<div class=\"elementor-post__text\">\n\t\t\t\t<h6 class=\"elementor-post__title\">\n\t\t\t<a href=\"https:\/\/visitvendsyssel.dk\/de\/derfor-investerer-sparekassen-danmark-i-skagen-marathon-det-giver-noget-til-byen\/\" >\n\t\t\t\tDerfor investerer Sparekassen Danmark i Skagen Marathon: \u201cDet giver noget til byen\u201d\t\t\t<\/a>\n\t\t<\/h6>\n\t\t\n\t\t<a class=\"elementor-post__read-more\" href=\"https:\/\/visitvendsyssel.dk\/de\/derfor-investerer-sparekassen-danmark-i-skagen-marathon-det-giver-noget-til-byen\/\" aria-label=\"Mehr \u00fcber Derfor investerer Sparekassen Danmark i Skagen Marathon: \u201cDet giver noget til byen\u201d\" tabindex=\"-1\" >\n\t\t\tL\u00e6s mere\t\t<\/a>\n\n\t\t\t\t<\/div>\n\t\t\t\t<\/article>\n\t\t\t\t<article class=\"elementor-post elementor-grid-item post-21666 post type-post status-publish format-standard has-post-thumbnail hentry category-skagen\" role=\"listitem\">\n\t\t\t\t<a class=\"elementor-post__thumbnail__link\" href=\"https:\/\/visitvendsyssel.dk\/de\/udvikling-og-nutidig-betydning-120-aars-jubilaeum\/\" tabindex=\"-1\" >\n\t\t\t<div class=\"elementor-post__thumbnail\"><img loading=\"lazy\" decoding=\"async\" width=\"1024\" height=\"1024\" src=\"https:\/\/i0.wp.com\/visitvendsyssel.dk\/wp-content\/uploads\/2026\/04\/Badeliv-paa-Skagen-1024x1024-1.webp?fit=1024%2C1024&amp;ssl=1\" class=\"attachment-full size-full wp-image-21662\" alt=\"En gruppe m\u00e6nd i badebukser st\u00e5r i vandkanten ved stranden, fejrer 120 \u00e5rs jubil\u00e6um for udvikling og.\" data-attachment-id=\"21662\" data-permalink=\"https:\/\/visitvendsyssel.dk\/de\/badeliv-paa-skagen-1024x1024\/\" data-orig-file=\"https:\/\/i0.wp.com\/visitvendsyssel.dk\/wp-content\/uploads\/2026\/04\/Badeliv-paa-Skagen-1024x1024-1.webp?fit=1024%2C1024&amp;ssl=1\" data-orig-size=\"1024,1024\" data-comments-opened=\"1\" data-image-meta=\"{&quot;aperture&quot;:&quot;0&quot;,&quot;credit&quot;:&quot;&quot;,&quot;camera&quot;:&quot;&quot;,&quot;caption&quot;:&quot;&quot;,&quot;created_timestamp&quot;:&quot;0&quot;,&quot;copyright&quot;:&quot;&quot;,&quot;focal_length&quot;:&quot;0&quot;,&quot;iso&quot;:&quot;0&quot;,&quot;shutter_speed&quot;:&quot;0&quot;,&quot;title&quot;:&quot;&quot;,&quot;orientation&quot;:&quot;0&quot;}\" data-image-title=\"Badeliv p\u00e5 Skagen 1024&amp;#215;1024\" data-image-description=\"&lt;p&gt;Billedet viser fem m\u00e6nd i badebukser, der st\u00e5r i vandet ved stranden, symboliserer 120 \u00e5rs udvikling og nutidig betydning i Vendsyssel.&lt;\/p&gt;\n\" data-image-caption=\"&lt;p&gt;Historisk foto af m\u00e6nd ved stranden, markerer 120 \u00e5rs jubil\u00e6um for udvikling og betydning i Vendsyssel.&lt;\/p&gt;\n\" data-large-file=\"https:\/\/i0.wp.com\/visitvendsyssel.dk\/wp-content\/uploads\/2026\/04\/Badeliv-paa-Skagen-1024x1024-1.webp?fit=800%2C800&amp;ssl=1\" srcset=\"https:\/\/i0.wp.com\/visitvendsyssel.dk\/wp-content\/uploads\/2026\/04\/Badeliv-paa-Skagen-1024x1024-1.webp?w=1024&amp;ssl=1 1024w, https:\/\/i0.wp.com\/visitvendsyssel.dk\/wp-content\/uploads\/2026\/04\/Badeliv-paa-Skagen-1024x1024-1.webp?resize=300%2C300&amp;ssl=1 300w, https:\/\/i0.wp.com\/visitvendsyssel.dk\/wp-content\/uploads\/2026\/04\/Badeliv-paa-Skagen-1024x1024-1.webp?resize=150%2C150&amp;ssl=1 150w, https:\/\/i0.wp.com\/visitvendsyssel.dk\/wp-content\/uploads\/2026\/04\/Badeliv-paa-Skagen-1024x1024-1.webp?resize=768%2C768&amp;ssl=1 768w, https:\/\/i0.wp.com\/visitvendsyssel.dk\/wp-content\/uploads\/2026\/04\/Badeliv-paa-Skagen-1024x1024-1.webp?resize=12%2C12&amp;ssl=1 12w\" sizes=\"(max-width: 800px) 100vw, 800px\" \/><\/div>\n\t\t<\/a>\n\t\t\t\t<div class=\"elementor-post__text\">\n\t\t\t\t<h6 class=\"elementor-post__title\">\n\t\t\t<a href=\"https:\/\/visitvendsyssel.dk\/de\/udvikling-og-nutidig-betydning-120-aars-jubilaeum\/\" >\n\t\t\t\tUdvikling og nutidig betydning &#8211; 120 \u00e5rs jubil\u00e6um\t\t\t<\/a>\n\t\t<\/h6>\n\t\t\n\t\t<a class=\"elementor-post__read-more\" href=\"https:\/\/visitvendsyssel.dk\/de\/udvikling-og-nutidig-betydning-120-aars-jubilaeum\/\" aria-label=\"Mehr \u00fcber Udvikling og nutidig betydning &#8211; 120 \u00e5rs jubil\u00e6um\" tabindex=\"-1\" >\n\t\t\tL\u00e6s mere\t\t<\/a>\n\n\t\t\t\t<\/div>\n\t\t\t\t<\/article>\n\t\t\t\t<article class=\"elementor-post elementor-grid-item post-21647 post type-post status-publish format-standard has-post-thumbnail hentry category-skagen\" role=\"listitem\">\n\t\t\t\t<a class=\"elementor-post__thumbnail__link\" href=\"https:\/\/visitvendsyssel.dk\/de\/tiden-imellem-120-aars-jubilaeum\/\" tabindex=\"-1\" >\n\t\t\t<div class=\"elementor-post__thumbnail\"><img loading=\"lazy\" decoding=\"async\" width=\"1024\" height=\"1024\" src=\"https:\/\/i0.wp.com\/visitvendsyssel.dk\/wp-content\/uploads\/2026\/04\/Gammel-Sandormen-1024x1024-1.webp?fit=1024%2C1024&amp;ssl=1\" class=\"attachment-full size-full wp-image-21638\" alt=\"Sandormen p\u00e5 stranden i Vendsyssel, historisk traktor med turistvogn, symbol p\u00e5 lokal kultur og hist.\" data-attachment-id=\"21638\" data-permalink=\"https:\/\/visitvendsyssel.dk\/de\/fra-opstart-og-de-foerste-aar\/gammel-sandormen-1024x1024\/\" data-orig-file=\"https:\/\/i0.wp.com\/visitvendsyssel.dk\/wp-content\/uploads\/2026\/04\/Gammel-Sandormen-1024x1024-1.webp?fit=1024%2C1024&amp;ssl=1\" data-orig-size=\"1024,1024\" data-comments-opened=\"1\" data-image-meta=\"{&quot;aperture&quot;:&quot;0&quot;,&quot;credit&quot;:&quot;&quot;,&quot;camera&quot;:&quot;&quot;,&quot;caption&quot;:&quot;&quot;,&quot;created_timestamp&quot;:&quot;0&quot;,&quot;copyright&quot;:&quot;&quot;,&quot;focal_length&quot;:&quot;0&quot;,&quot;iso&quot;:&quot;0&quot;,&quot;shutter_speed&quot;:&quot;0&quot;,&quot;title&quot;:&quot;&quot;,&quot;orientation&quot;:&quot;0&quot;}\" data-image-title=\"Gammel Sandormen 1024&amp;#215;1024\" data-image-description=\"&lt;p&gt;Billedet viser Sandormen, en historisk traktor med turistvogn, der har spillet en vigtig rolle i Vendsyssels turisme og lokalhistorie gennem \u00e5rene.&lt;\/p&gt;\n\" data-image-caption=\"&lt;p&gt;Historisk sandorm p\u00e5 stranden i Vendsyssel, en del af omr\u00e5dets kulturarv og turistattraktion.&lt;\/p&gt;\n\" data-large-file=\"https:\/\/i0.wp.com\/visitvendsyssel.dk\/wp-content\/uploads\/2026\/04\/Gammel-Sandormen-1024x1024-1.webp?fit=800%2C800&amp;ssl=1\" srcset=\"https:\/\/i0.wp.com\/visitvendsyssel.dk\/wp-content\/uploads\/2026\/04\/Gammel-Sandormen-1024x1024-1.webp?w=1024&amp;ssl=1 1024w, https:\/\/i0.wp.com\/visitvendsyssel.dk\/wp-content\/uploads\/2026\/04\/Gammel-Sandormen-1024x1024-1.webp?resize=300%2C300&amp;ssl=1 300w, https:\/\/i0.wp.com\/visitvendsyssel.dk\/wp-content\/uploads\/2026\/04\/Gammel-Sandormen-1024x1024-1.webp?resize=150%2C150&amp;ssl=1 150w, https:\/\/i0.wp.com\/visitvendsyssel.dk\/wp-content\/uploads\/2026\/04\/Gammel-Sandormen-1024x1024-1.webp?resize=768%2C768&amp;ssl=1 768w, https:\/\/i0.wp.com\/visitvendsyssel.dk\/wp-content\/uploads\/2026\/04\/Gammel-Sandormen-1024x1024-1.webp?resize=12%2C12&amp;ssl=1 12w\" sizes=\"(max-width: 800px) 100vw, 800px\" \/><\/div>\n\t\t<\/a>\n\t\t\t\t<div class=\"elementor-post__text\">\n\t\t\t\t<h6 class=\"elementor-post__title\">\n\t\t\t<a href=\"https:\/\/visitvendsyssel.dk\/de\/tiden-imellem-120-aars-jubilaeum\/\" >\n\t\t\t\tTiden imellem &#8211; 120 \u00e5rs jubil\u00e6um\t\t\t<\/a>\n\t\t<\/h6>\n\t\t\n\t\t<a class=\"elementor-post__read-more\" href=\"https:\/\/visitvendsyssel.dk\/de\/tiden-imellem-120-aars-jubilaeum\/\" aria-label=\"Mehr \u00fcber Tiden imellem &#8211; 120 \u00e5rs jubil\u00e6um\" tabindex=\"-1\" >\n\t\t\tL\u00e6s mere\t\t<\/a>\n\n\t\t\t\t<\/div>\n\t\t\t\t<\/article>\n\t\t\t\t<article class=\"elementor-post elementor-grid-item post-21636 post type-post status-publish format-standard has-post-thumbnail hentry category-skagen\" role=\"listitem\">\n\t\t\t\t<a class=\"elementor-post__thumbnail__link\" href=\"https:\/\/visitvendsyssel.dk\/de\/fra-opstart-og-de-foerste-aar\/\" tabindex=\"-1\" >\n\t\t\t<div class=\"elementor-post__thumbnail\"><img loading=\"lazy\" decoding=\"async\" width=\"1025\" height=\"1024\" src=\"https:\/\/i0.wp.com\/visitvendsyssel.dk\/wp-content\/uploads\/2026\/04\/Badeliv-Grenen-gammel-1024x1024-1.webp?fit=1025%2C1024&amp;ssl=1\" class=\"attachment-full size-full wp-image-21637\" alt=\"H\u00f8jskoleelever ved stranden i historisk foto fra opstarten af 1900-tallet.\" data-attachment-id=\"21637\" data-permalink=\"https:\/\/visitvendsyssel.dk\/de\/fra-opstart-og-de-foerste-aar\/badeliv-grenen-gammel-1024x1024\/\" data-orig-file=\"https:\/\/i0.wp.com\/visitvendsyssel.dk\/wp-content\/uploads\/2026\/04\/Badeliv-Grenen-gammel-1024x1024-1.webp?fit=1025%2C1024&amp;ssl=1\" data-orig-size=\"1025,1024\" data-comments-opened=\"1\" data-image-meta=\"{&quot;aperture&quot;:&quot;0&quot;,&quot;credit&quot;:&quot;&quot;,&quot;camera&quot;:&quot;&quot;,&quot;caption&quot;:&quot;&quot;,&quot;created_timestamp&quot;:&quot;0&quot;,&quot;copyright&quot;:&quot;&quot;,&quot;focal_length&quot;:&quot;0&quot;,&quot;iso&quot;:&quot;0&quot;,&quot;shutter_speed&quot;:&quot;0&quot;,&quot;title&quot;:&quot;&quot;,&quot;orientation&quot;:&quot;0&quot;}\" data-image-title=\"Badeliv Grenen gammel 1024&amp;#215;1024\" data-image-description=\"&lt;p&gt;Billedet viser unge, der nyder en dag ved stranden, symboliserer skolens lange historie og traditioner i Vendsyssel.&lt;\/p&gt;\n\" data-image-caption=\"&lt;p&gt;Historisk billede af unge ved Vendsyssel-stranden, der markerer 120 \u00e5rs jubil\u00e6um for opstarten.&lt;\/p&gt;\n\" data-large-file=\"https:\/\/i0.wp.com\/visitvendsyssel.dk\/wp-content\/uploads\/2026\/04\/Badeliv-Grenen-gammel-1024x1024-1.webp?fit=800%2C799&amp;ssl=1\" srcset=\"https:\/\/i0.wp.com\/visitvendsyssel.dk\/wp-content\/uploads\/2026\/04\/Badeliv-Grenen-gammel-1024x1024-1.webp?w=1025&amp;ssl=1 1025w, https:\/\/i0.wp.com\/visitvendsyssel.dk\/wp-content\/uploads\/2026\/04\/Badeliv-Grenen-gammel-1024x1024-1.webp?resize=300%2C300&amp;ssl=1 300w, https:\/\/i0.wp.com\/visitvendsyssel.dk\/wp-content\/uploads\/2026\/04\/Badeliv-Grenen-gammel-1024x1024-1.webp?resize=150%2C150&amp;ssl=1 150w, https:\/\/i0.wp.com\/visitvendsyssel.dk\/wp-content\/uploads\/2026\/04\/Badeliv-Grenen-gammel-1024x1024-1.webp?resize=768%2C767&amp;ssl=1 768w, https:\/\/i0.wp.com\/visitvendsyssel.dk\/wp-content\/uploads\/2026\/04\/Badeliv-Grenen-gammel-1024x1024-1.webp?resize=12%2C12&amp;ssl=1 12w\" sizes=\"(max-width: 800px) 100vw, 800px\" \/><\/div>\n\t\t<\/a>\n\t\t\t\t<div class=\"elementor-post__text\">\n\t\t\t\t<h6 class=\"elementor-post__title\">\n\t\t\t<a href=\"https:\/\/visitvendsyssel.dk\/de\/fra-opstart-og-de-foerste-aar\/\" >\n\t\t\t\tFra opstart og de f\u00f8rste \u00e5r &#8211; 120 \u00e5rs jubil\u00e6um\t\t\t<\/a>\n\t\t<\/h6>\n\t\t\n\t\t<a class=\"elementor-post__read-more\" href=\"https:\/\/visitvendsyssel.dk\/de\/fra-opstart-og-de-foerste-aar\/\" aria-label=\"Mehr \u00fcber Fra opstart og de f\u00f8rste \u00e5r &#8211; 120 \u00e5rs jubil\u00e6um\" tabindex=\"-1\" >\n\t\t\tL\u00e6s mere\t\t<\/a>\n\n\t\t\t\t<\/div>\n\t\t\t\t<\/article>\n\t\t\t\t<article class=\"elementor-post elementor-grid-item post-21629 post type-post status-publish format-standard has-post-thumbnail hentry category-vendsyssel\" role=\"listitem\">\n\t\t\t\t<a class=\"elementor-post__thumbnail__link\" href=\"https:\/\/visitvendsyssel.dk\/de\/slowguide-langsomme-oplevelser-i-vendsyssel\/\" tabindex=\"-1\" >\n\t\t\t<div class=\"elementor-post__thumbnail\"><img loading=\"lazy\" decoding=\"async\" width=\"1024\" height=\"1024\" src=\"https:\/\/i0.wp.com\/visitvendsyssel.dk\/wp-content\/uploads\/2026\/04\/Smykkedesigner-Susanne-Lanng.webp?fit=1024%2C1024&amp;ssl=1\" class=\"attachment-full size-full wp-image-21623\" alt=\"H\u00f8jkvalitets perle- og guld halsk\u00e6de med smykkevedh\u00e6ng p\u00e5 tr\u00e6overflade.\" data-attachment-id=\"21623\" data-permalink=\"https:\/\/visitvendsyssel.dk\/de\/smykkedesigner-susanne-lanng\/\" data-orig-file=\"https:\/\/i0.wp.com\/visitvendsyssel.dk\/wp-content\/uploads\/2026\/04\/Smykkedesigner-Susanne-Lanng.webp?fit=1024%2C1024&amp;ssl=1\" data-orig-size=\"1024,1024\" data-comments-opened=\"1\" data-image-meta=\"{&quot;aperture&quot;:&quot;0&quot;,&quot;credit&quot;:&quot;&quot;,&quot;camera&quot;:&quot;&quot;,&quot;caption&quot;:&quot;&quot;,&quot;created_timestamp&quot;:&quot;0&quot;,&quot;copyright&quot;:&quot;&quot;,&quot;focal_length&quot;:&quot;0&quot;,&quot;iso&quot;:&quot;0&quot;,&quot;shutter_speed&quot;:&quot;0&quot;,&quot;title&quot;:&quot;&quot;,&quot;orientation&quot;:&quot;0&quot;}\" data-image-title=\"Smykkedesigner Susanne Lanng\" data-image-description=\"&lt;p&gt;Dette billede viser en smuk halsk\u00e6de med perle og guld vedh\u00e6ng, placeret p\u00e5 en tr\u00e6overflade, ideelt til mode- og smykkenturisme i Vendsyssel.&lt;\/p&gt;\n\" data-image-caption=\"&lt;p&gt;Elegant smykke med perle og guld, perfekt til stilfulde anledninger.&lt;\/p&gt;\n\" data-large-file=\"https:\/\/i0.wp.com\/visitvendsyssel.dk\/wp-content\/uploads\/2026\/04\/Smykkedesigner-Susanne-Lanng.webp?fit=800%2C800&amp;ssl=1\" srcset=\"https:\/\/i0.wp.com\/visitvendsyssel.dk\/wp-content\/uploads\/2026\/04\/Smykkedesigner-Susanne-Lanng.webp?w=1024&amp;ssl=1 1024w, https:\/\/i0.wp.com\/visitvendsyssel.dk\/wp-content\/uploads\/2026\/04\/Smykkedesigner-Susanne-Lanng.webp?resize=300%2C300&amp;ssl=1 300w, https:\/\/i0.wp.com\/visitvendsyssel.dk\/wp-content\/uploads\/2026\/04\/Smykkedesigner-Susanne-Lanng.webp?resize=150%2C150&amp;ssl=1 150w, https:\/\/i0.wp.com\/visitvendsyssel.dk\/wp-content\/uploads\/2026\/04\/Smykkedesigner-Susanne-Lanng.webp?resize=768%2C768&amp;ssl=1 768w, https:\/\/i0.wp.com\/visitvendsyssel.dk\/wp-content\/uploads\/2026\/04\/Smykkedesigner-Susanne-Lanng.webp?resize=12%2C12&amp;ssl=1 12w\" sizes=\"(max-width: 800px) 100vw, 800px\" \/><\/div>\n\t\t<\/a>\n\t\t\t\t<div class=\"elementor-post__text\">\n\t\t\t\t<h6 class=\"elementor-post__title\">\n\t\t\t<a href=\"https:\/\/visitvendsyssel.dk\/de\/slowguide-langsomme-oplevelser-i-vendsyssel\/\" >\n\t\t\t\tSlowguide &#8211; langsomme oplevelser i Vendsyssel\t\t\t<\/a>\n\t\t<\/h6>\n\t\t\n\t\t<a class=\"elementor-post__read-more\" href=\"https:\/\/visitvendsyssel.dk\/de\/slowguide-langsomme-oplevelser-i-vendsyssel\/\" aria-label=\"Mehr \u00fcber Slowguide &#8211; langsomme oplevelser i Vendsyssel\" tabindex=\"-1\" >\n\t\t\tL\u00e6s mere\t\t<\/a>\n\n\t\t\t\t<\/div>\n\t\t\t\t<\/article>\n\t\t\t\t<article class=\"elementor-post elementor-grid-item post-20495 post type-post status-publish format-standard has-post-thumbnail hentry category-saeby category-vendsyssel\" role=\"listitem\">\n\t\t\t\t<a class=\"elementor-post__thumbnail__link\" href=\"https:\/\/visitvendsyssel.dk\/de\/hjem-til-froeken-madsens-spisehus\/\" tabindex=\"-1\" >\n\t\t\t<div class=\"elementor-post__thumbnail\"><img loading=\"lazy\" decoding=\"async\" width=\"3640\" height=\"2048\" src=\"https:\/\/i0.wp.com\/visitvendsyssel.dk\/wp-content\/uploads\/2025\/09\/Smoerrebroed-hos-Frk.-Madsen-16-9.jpg?fit=3640%2C2048&amp;ssl=1\" class=\"attachment-full size-full wp-image-20507\" alt=\"L\u00e6kker sm\u00f8rrebr\u00f8dsbuffet hos Frk. Madsen\" data-attachment-id=\"20507\" data-permalink=\"https:\/\/visitvendsyssel.dk\/de\/hjem-til-froeken-madsens-spisehus\/smoerrebroed-hos-frk-madsen-16-9\/\" data-orig-file=\"https:\/\/i0.wp.com\/visitvendsyssel.dk\/wp-content\/uploads\/2025\/09\/Smoerrebroed-hos-Frk.-Madsen-16-9.jpg?fit=3640%2C2048&amp;ssl=1\" data-orig-size=\"3640,2048\" data-comments-opened=\"1\" data-image-meta=\"{&quot;aperture&quot;:&quot;1.6&quot;,&quot;credit&quot;:&quot;&quot;,&quot;camera&quot;:&quot;iPhone 12 Pro&quot;,&quot;caption&quot;:&quot;&quot;,&quot;created_timestamp&quot;:&quot;1754052414&quot;,&quot;copyright&quot;:&quot;&quot;,&quot;focal_length&quot;:&quot;4.2&quot;,&quot;iso&quot;:&quot;160&quot;,&quot;shutter_speed&quot;:&quot;0.02&quot;,&quot;title&quot;:&quot;&quot;,&quot;orientation&quot;:&quot;1&quot;}\" data-image-title=\"Sm\u00f8rrebr\u00f8d hos Frk. Madsen 16 9\" data-image-description=\"&lt;p&gt;Billedet viser et udvalg af l\u00e6kre retter og tapas p\u00e5 et rustikt tr\u00e6bord i det hyggelige spisested, der er kendt for sin lokale madkultur i Vendsyssel.&lt;\/p&gt;\n\" data-image-caption=\"&lt;p&gt;Fr\u00f8ken Madsens Spisehus i Vendsyssel tilbyder lokale specialiteter og hyggelig atmosf\u00e6re. Perfekt for en autentisk madoplevelse i Nordjylland.&lt;\/p&gt;\n\" data-large-file=\"https:\/\/i0.wp.com\/visitvendsyssel.dk\/wp-content\/uploads\/2025\/09\/Smoerrebroed-hos-Frk.-Madsen-16-9.jpg?fit=800%2C450&amp;ssl=1\" srcset=\"https:\/\/i0.wp.com\/visitvendsyssel.dk\/wp-content\/uploads\/2025\/09\/Smoerrebroed-hos-Frk.-Madsen-16-9.jpg?w=3640&amp;ssl=1 3640w, https:\/\/i0.wp.com\/visitvendsyssel.dk\/wp-content\/uploads\/2025\/09\/Smoerrebroed-hos-Frk.-Madsen-16-9.jpg?resize=300%2C169&amp;ssl=1 300w, https:\/\/i0.wp.com\/visitvendsyssel.dk\/wp-content\/uploads\/2025\/09\/Smoerrebroed-hos-Frk.-Madsen-16-9.jpg?resize=1024%2C576&amp;ssl=1 1024w, https:\/\/i0.wp.com\/visitvendsyssel.dk\/wp-content\/uploads\/2025\/09\/Smoerrebroed-hos-Frk.-Madsen-16-9.jpg?resize=768%2C432&amp;ssl=1 768w, https:\/\/i0.wp.com\/visitvendsyssel.dk\/wp-content\/uploads\/2025\/09\/Smoerrebroed-hos-Frk.-Madsen-16-9.jpg?resize=1536%2C864&amp;ssl=1 1536w, https:\/\/i0.wp.com\/visitvendsyssel.dk\/wp-content\/uploads\/2025\/09\/Smoerrebroed-hos-Frk.-Madsen-16-9.jpg?resize=2048%2C1152&amp;ssl=1 2048w, https:\/\/i0.wp.com\/visitvendsyssel.dk\/wp-content\/uploads\/2025\/09\/Smoerrebroed-hos-Frk.-Madsen-16-9.jpg?resize=18%2C10&amp;ssl=1 18w, https:\/\/i0.wp.com\/visitvendsyssel.dk\/wp-content\/uploads\/2025\/09\/Smoerrebroed-hos-Frk.-Madsen-16-9.jpg?w=1600&amp;ssl=1 1600w, https:\/\/i0.wp.com\/visitvendsyssel.dk\/wp-content\/uploads\/2025\/09\/Smoerrebroed-hos-Frk.-Madsen-16-9.jpg?w=2400&amp;ssl=1 2400w\" sizes=\"(max-width: 800px) 100vw, 800px\" \/><\/div>\n\t\t<\/a>\n\t\t\t\t<div class=\"elementor-post__text\">\n\t\t\t\t<h6 class=\"elementor-post__title\">\n\t\t\t<a href=\"https:\/\/visitvendsyssel.dk\/de\/hjem-til-froeken-madsens-spisehus\/\" >\n\t\t\t\tHjem til Fr\u00f8ken Madsens Spisehus\t\t\t<\/a>\n\t\t<\/h6>\n\t\t\n\t\t<a class=\"elementor-post__read-more\" href=\"https:\/\/visitvendsyssel.dk\/de\/hjem-til-froeken-madsens-spisehus\/\" aria-label=\"Mehr \u00fcber Hjem til Fr\u00f8ken Madsens Spisehus\" tabindex=\"-1\" >\n\t\t\tL\u00e6s mere\t\t<\/a>\n\n\t\t\t\t<\/div>\n\t\t\t\t<\/article>\n\t\t\t\t<article class=\"elementor-post elementor-grid-item post-20398 post type-post status-publish format-standard has-post-thumbnail hentry category-skagen category-vendsyssel\" role=\"listitem\">\n\t\t\t\t<a class=\"elementor-post__thumbnail__link\" href=\"https:\/\/visitvendsyssel.dk\/de\/danhostel-skagen-er-klar-til-vinterbaderfestivalen\/\" tabindex=\"-1\" >\n\t\t\t<div class=\"elementor-post__thumbnail\"><img loading=\"lazy\" decoding=\"async\" width=\"945\" height=\"602\" src=\"https:\/\/i0.wp.com\/visitvendsyssel.dk\/wp-content\/uploads\/2025\/09\/Danhostel-Skagen.png?fit=945%2C602&amp;ssl=1\" class=\"attachment-full size-full wp-image-20387\" alt=\"Danhostel i Skagen i vinterdragt\" data-attachment-id=\"20387\" data-permalink=\"https:\/\/visitvendsyssel.dk\/de\/danhostel-skagen-2\/\" data-orig-file=\"https:\/\/i0.wp.com\/visitvendsyssel.dk\/wp-content\/uploads\/2025\/09\/Danhostel-Skagen.png?fit=945%2C602&amp;ssl=1\" data-orig-size=\"945,602\" data-comments-opened=\"1\" data-image-meta=\"{&quot;aperture&quot;:&quot;0&quot;,&quot;credit&quot;:&quot;&quot;,&quot;camera&quot;:&quot;&quot;,&quot;caption&quot;:&quot;&quot;,&quot;created_timestamp&quot;:&quot;0&quot;,&quot;copyright&quot;:&quot;&quot;,&quot;focal_length&quot;:&quot;0&quot;,&quot;iso&quot;:&quot;0&quot;,&quot;shutter_speed&quot;:&quot;0&quot;,&quot;title&quot;:&quot;&quot;,&quot;orientation&quot;:&quot;0&quot;}\" data-image-title=\"Danhostel Skagen\" data-image-description=\"&lt;p&gt;Et vinterbillede af et gult hus i Vendsyssel, omgivet af sne, med sned\u00e6kkede tr\u00e6er og en rolig, fredelig atmosf\u00e6re, ideelt for vinterturister.&lt;\/p&gt;\n\" data-image-caption=\"&lt;p&gt;Hus i Vendsyssel d\u00e6kket af sne, omgivet af vinterlandskab og snekl\u00e6dte tr\u00e6er. Perfekt til vinterferie og naturoplevelser.&lt;\/p&gt;\n\" data-large-file=\"https:\/\/i0.wp.com\/visitvendsyssel.dk\/wp-content\/uploads\/2025\/09\/Danhostel-Skagen.png?fit=800%2C510&amp;ssl=1\" srcset=\"https:\/\/i0.wp.com\/visitvendsyssel.dk\/wp-content\/uploads\/2025\/09\/Danhostel-Skagen.png?w=945&amp;ssl=1 945w, https:\/\/i0.wp.com\/visitvendsyssel.dk\/wp-content\/uploads\/2025\/09\/Danhostel-Skagen.png?resize=300%2C191&amp;ssl=1 300w, https:\/\/i0.wp.com\/visitvendsyssel.dk\/wp-content\/uploads\/2025\/09\/Danhostel-Skagen.png?resize=768%2C489&amp;ssl=1 768w, https:\/\/i0.wp.com\/visitvendsyssel.dk\/wp-content\/uploads\/2025\/09\/Danhostel-Skagen.png?resize=18%2C12&amp;ssl=1 18w\" sizes=\"(max-width: 800px) 100vw, 800px\" \/><\/div>\n\t\t<\/a>\n\t\t\t\t<div class=\"elementor-post__text\">\n\t\t\t\t<h6 class=\"elementor-post__title\">\n\t\t\t<a href=\"https:\/\/visitvendsyssel.dk\/de\/danhostel-skagen-er-klar-til-vinterbaderfestivalen\/\" >\n\t\t\t\tDanhostel Skagen er klar til vinterbaderfestivalen\t\t\t<\/a>\n\t\t<\/h6>\n\t\t\n\t\t<a class=\"elementor-post__read-more\" href=\"https:\/\/visitvendsyssel.dk\/de\/danhostel-skagen-er-klar-til-vinterbaderfestivalen\/\" aria-label=\"Mehr \u00fcber Danhostel Skagen er klar til vinterbaderfestivalen\" tabindex=\"-1\" >\n\t\t\tL\u00e6s mere\t\t<\/a>\n\n\t\t\t\t<\/div>\n\t\t\t\t<\/article>\n\t\t\t\t<article class=\"elementor-post elementor-grid-item post-20366 post type-post status-publish format-standard has-post-thumbnail hentry category-skagen category-vendsyssel\" role=\"listitem\">\n\t\t\t\t<a class=\"elementor-post__thumbnail__link\" href=\"https:\/\/visitvendsyssel.dk\/de\/magi-i-moerket\/\" tabindex=\"-1\" >\n\t\t\t<div class=\"elementor-post__thumbnail\"><img loading=\"lazy\" decoding=\"async\" width=\"874\" height=\"541\" src=\"https:\/\/i0.wp.com\/visitvendsyssel.dk\/wp-content\/uploads\/2025\/09\/Magi-i-moerket.jpeg?fit=874%2C541&amp;ssl=1\" class=\"attachment-full size-full wp-image-20368\" alt=\"N\u00e5r havet lyser op\" data-attachment-id=\"20368\" data-permalink=\"https:\/\/visitvendsyssel.dk\/de\/magi-i-moerket\/magi-i-moerket-2\/\" data-orig-file=\"https:\/\/i0.wp.com\/visitvendsyssel.dk\/wp-content\/uploads\/2025\/09\/Magi-i-moerket.jpeg?fit=874%2C541&amp;ssl=1\" data-orig-size=\"874,541\" data-comments-opened=\"1\" data-image-meta=\"{&quot;aperture&quot;:&quot;0&quot;,&quot;credit&quot;:&quot;&quot;,&quot;camera&quot;:&quot;&quot;,&quot;caption&quot;:&quot;&quot;,&quot;created_timestamp&quot;:&quot;0&quot;,&quot;copyright&quot;:&quot;&quot;,&quot;focal_length&quot;:&quot;0&quot;,&quot;iso&quot;:&quot;0&quot;,&quot;shutter_speed&quot;:&quot;0&quot;,&quot;title&quot;:&quot;&quot;,&quot;orientation&quot;:&quot;0&quot;}\" data-image-title=\"Magi i m\u00f8rket\" data-image-description=\"&lt;p&gt;Et natursk\u00f8nt billede af bioluminescerende vand, der lyser op i havet ved Vendsyssel, skaber en magisk stemning i m\u00f8rket.&lt;\/p&gt;\n\" data-image-caption=\"&lt;p&gt;Magi i m\u00f8rket: Bioluminescerende havvand ved Vendsyssel under en mystisk solnedgang.&lt;\/p&gt;\n\" data-large-file=\"https:\/\/i0.wp.com\/visitvendsyssel.dk\/wp-content\/uploads\/2025\/09\/Magi-i-moerket.jpeg?fit=800%2C495&amp;ssl=1\" srcset=\"https:\/\/i0.wp.com\/visitvendsyssel.dk\/wp-content\/uploads\/2025\/09\/Magi-i-moerket.jpeg?w=874&amp;ssl=1 874w, https:\/\/i0.wp.com\/visitvendsyssel.dk\/wp-content\/uploads\/2025\/09\/Magi-i-moerket.jpeg?resize=300%2C186&amp;ssl=1 300w, https:\/\/i0.wp.com\/visitvendsyssel.dk\/wp-content\/uploads\/2025\/09\/Magi-i-moerket.jpeg?resize=768%2C475&amp;ssl=1 768w, https:\/\/i0.wp.com\/visitvendsyssel.dk\/wp-content\/uploads\/2025\/09\/Magi-i-moerket.jpeg?resize=18%2C12&amp;ssl=1 18w\" sizes=\"(max-width: 800px) 100vw, 800px\" \/><\/div>\n\t\t<\/a>\n\t\t\t\t<div class=\"elementor-post__text\">\n\t\t\t\t<h6 class=\"elementor-post__title\">\n\t\t\t<a href=\"https:\/\/visitvendsyssel.dk\/de\/magi-i-moerket\/\" >\n\t\t\t\tMagi i m\u00f8rket\t\t\t<\/a>\n\t\t<\/h6>\n\t\t\n\t\t<a class=\"elementor-post__read-more\" href=\"https:\/\/visitvendsyssel.dk\/de\/magi-i-moerket\/\" aria-label=\"Mehr \u00fcber Magi i m\u00f8rket\" tabindex=\"-1\" >\n\t\t\tL\u00e6s mere\t\t<\/a>\n\n\t\t\t\t<\/div>\n\t\t\t\t<\/article>\n\t\t\t\t<article class=\"elementor-post elementor-grid-item post-20215 post type-post status-publish format-standard has-post-thumbnail hentry category-skagen category-vendsyssel\" role=\"listitem\">\n\t\t\t\t<a class=\"elementor-post__thumbnail__link\" href=\"https:\/\/visitvendsyssel.dk\/de\/du-finder-varmen-under-isen\/\" tabindex=\"-1\" >\n\t\t\t<div class=\"elementor-post__thumbnail\"><img loading=\"lazy\" decoding=\"async\" width=\"1024\" height=\"1024\" src=\"https:\/\/i0.wp.com\/visitvendsyssel.dk\/wp-content\/uploads\/2025\/08\/Bathing-bunnies-1024x1024-1.jpg?fit=1024%2C1024&amp;ssl=1\" class=\"attachment-full size-full wp-image-20425\" alt=\"H\u00f8jt hum\u00f8r under isen: To kvinder i badet\u00f8j med kanin\u00f8rer, smilende og legende p\u00e5 stranden.\" data-attachment-id=\"20425\" data-permalink=\"https:\/\/visitvendsyssel.dk\/de\/du-finder-varmen-under-isen\/bathing-bunnies-1024x1024\/\" data-orig-file=\"https:\/\/i0.wp.com\/visitvendsyssel.dk\/wp-content\/uploads\/2025\/08\/Bathing-bunnies-1024x1024-1.jpg?fit=1024%2C1024&amp;ssl=1\" data-orig-size=\"1024,1024\" data-comments-opened=\"1\" data-image-meta=\"{&quot;aperture&quot;:&quot;1.6&quot;,&quot;credit&quot;:&quot;&quot;,&quot;camera&quot;:&quot;iPhone 12 Pro&quot;,&quot;caption&quot;:&quot;&quot;,&quot;created_timestamp&quot;:&quot;1737728125&quot;,&quot;copyright&quot;:&quot;&quot;,&quot;focal_length&quot;:&quot;4.2&quot;,&quot;iso&quot;:&quot;40&quot;,&quot;shutter_speed&quot;:&quot;0.0082644628099174&quot;,&quot;title&quot;:&quot;&quot;,&quot;orientation&quot;:&quot;1&quot;}\" data-image-title=\"Bathing bunnies 1024&amp;#215;1024\" data-image-description=\"&lt;p&gt;To kvinder i badet\u00f8j med kanin\u00f8rer, smilende og legende p\u00e5 stranden, under temaet &amp;#8220;Du finder varmen under isen&amp;#8221;.&lt;\/p&gt;\n\" data-image-caption=\"&lt;p&gt;Festlig strandstemning med kvinder i badet\u00f8j og kanin\u00f8rer, der nyder en dag ved vandet.&lt;\/p&gt;\n\" data-large-file=\"https:\/\/i0.wp.com\/visitvendsyssel.dk\/wp-content\/uploads\/2025\/08\/Bathing-bunnies-1024x1024-1.jpg?fit=800%2C800&amp;ssl=1\" srcset=\"https:\/\/i0.wp.com\/visitvendsyssel.dk\/wp-content\/uploads\/2025\/08\/Bathing-bunnies-1024x1024-1.jpg?w=1024&amp;ssl=1 1024w, https:\/\/i0.wp.com\/visitvendsyssel.dk\/wp-content\/uploads\/2025\/08\/Bathing-bunnies-1024x1024-1.jpg?resize=300%2C300&amp;ssl=1 300w, https:\/\/i0.wp.com\/visitvendsyssel.dk\/wp-content\/uploads\/2025\/08\/Bathing-bunnies-1024x1024-1.jpg?resize=150%2C150&amp;ssl=1 150w, https:\/\/i0.wp.com\/visitvendsyssel.dk\/wp-content\/uploads\/2025\/08\/Bathing-bunnies-1024x1024-1.jpg?resize=768%2C768&amp;ssl=1 768w, https:\/\/i0.wp.com\/visitvendsyssel.dk\/wp-content\/uploads\/2025\/08\/Bathing-bunnies-1024x1024-1.jpg?resize=12%2C12&amp;ssl=1 12w\" sizes=\"(max-width: 800px) 100vw, 800px\" \/><\/div>\n\t\t<\/a>\n\t\t\t\t<div class=\"elementor-post__text\">\n\t\t\t\t<h6 class=\"elementor-post__title\">\n\t\t\t<a href=\"https:\/\/visitvendsyssel.dk\/de\/du-finder-varmen-under-isen\/\" >\n\t\t\t\tDu finder varmen under isen\t\t\t<\/a>\n\t\t<\/h6>\n\t\t\n\t\t<a class=\"elementor-post__read-more\" href=\"https:\/\/visitvendsyssel.dk\/de\/du-finder-varmen-under-isen\/\" aria-label=\"Mehr \u00fcber Du finder varmen under isen\" tabindex=\"-1\" >\n\t\t\tL\u00e6s mere\t\t<\/a>\n\n\t\t\t\t<\/div>\n\t\t\t\t<\/article>\n\t\t\t\t<article class=\"elementor-post elementor-grid-item post-20176 post type-post status-publish format-standard has-post-thumbnail hentry category-saeby category-vendsyssel tag-saeby\" role=\"listitem\">\n\t\t\t\t<a class=\"elementor-post__thumbnail__link\" href=\"https:\/\/visitvendsyssel.dk\/de\/snublesten-i-saeby-spor-fra-besaettelsen-og-anden-verdenskrig\/\" tabindex=\"-1\" >\n\t\t\t<div class=\"elementor-post__thumbnail\"><img loading=\"lazy\" decoding=\"async\" width=\"1920\" height=\"1080\" src=\"https:\/\/i0.wp.com\/visitvendsyssel.dk\/wp-content\/uploads\/2025\/08\/2-verdenskrig-saeby.jpg?fit=1920%2C1080&amp;ssl=1\" class=\"attachment-full size-full wp-image-20183\" alt=\"S\u00e6by Kirke og torvet \u2013 centrale steder i fort\u00e6llingen om bes\u00e6ttelsen og 2. verdenskrig i S\u00e6by\" data-attachment-id=\"20183\" data-permalink=\"https:\/\/visitvendsyssel.dk\/de\/snublesten-i-saeby-spor-fra-besaettelsen-og-anden-verdenskrig\/2-verdenskrig-saeby\/\" data-orig-file=\"https:\/\/i0.wp.com\/visitvendsyssel.dk\/wp-content\/uploads\/2025\/08\/2-verdenskrig-saeby.jpg?fit=1920%2C1080&amp;ssl=1\" data-orig-size=\"1920,1080\" data-comments-opened=\"1\" data-image-meta=\"{&quot;aperture&quot;:&quot;0&quot;,&quot;credit&quot;:&quot;&quot;,&quot;camera&quot;:&quot;&quot;,&quot;caption&quot;:&quot;&quot;,&quot;created_timestamp&quot;:&quot;0&quot;,&quot;copyright&quot;:&quot;&quot;,&quot;focal_length&quot;:&quot;0&quot;,&quot;iso&quot;:&quot;0&quot;,&quot;shutter_speed&quot;:&quot;0&quot;,&quot;title&quot;:&quot;&quot;,&quot;orientation&quot;:&quot;1&quot;}\" data-image-title=\"S\u00e6by Kirke \u2013 historie fra Anden Verdenskrig\" data-image-description=\"&lt;p&gt;Billede af S\u00e6by Kirke og byens historiske centrum. S\u00e6by spillede en vigtig rolle under 2. verdenskrig, bl.a. som udgangspunkt for illegale flugtruter til Sverige. I dag mindes ofrene gennem snublesten, som findes flere steder i byen.&lt;\/p&gt;\n\" data-image-caption=\"&lt;p&gt;S\u00e6by Kirke og torvet er i dag et fredeligt sted, men under 2. verdenskrig var byen pr\u00e6get af modstandskamp og dramatiske begivenheder.&lt;\/p&gt;\n\" data-large-file=\"https:\/\/i0.wp.com\/visitvendsyssel.dk\/wp-content\/uploads\/2025\/08\/2-verdenskrig-saeby.jpg?fit=800%2C450&amp;ssl=1\" srcset=\"https:\/\/i0.wp.com\/visitvendsyssel.dk\/wp-content\/uploads\/2025\/08\/2-verdenskrig-saeby.jpg?w=1920&amp;ssl=1 1920w, https:\/\/i0.wp.com\/visitvendsyssel.dk\/wp-content\/uploads\/2025\/08\/2-verdenskrig-saeby.jpg?resize=300%2C169&amp;ssl=1 300w, https:\/\/i0.wp.com\/visitvendsyssel.dk\/wp-content\/uploads\/2025\/08\/2-verdenskrig-saeby.jpg?resize=1024%2C576&amp;ssl=1 1024w, https:\/\/i0.wp.com\/visitvendsyssel.dk\/wp-content\/uploads\/2025\/08\/2-verdenskrig-saeby.jpg?resize=768%2C432&amp;ssl=1 768w, https:\/\/i0.wp.com\/visitvendsyssel.dk\/wp-content\/uploads\/2025\/08\/2-verdenskrig-saeby.jpg?resize=1536%2C864&amp;ssl=1 1536w, https:\/\/i0.wp.com\/visitvendsyssel.dk\/wp-content\/uploads\/2025\/08\/2-verdenskrig-saeby.jpg?resize=18%2C10&amp;ssl=1 18w, https:\/\/i0.wp.com\/visitvendsyssel.dk\/wp-content\/uploads\/2025\/08\/2-verdenskrig-saeby.jpg?w=1600&amp;ssl=1 1600w\" sizes=\"(max-width: 800px) 100vw, 800px\" \/><\/div>\n\t\t<\/a>\n\t\t\t\t<div class=\"elementor-post__text\">\n\t\t\t\t<h6 class=\"elementor-post__title\">\n\t\t\t<a href=\"https:\/\/visitvendsyssel.dk\/de\/snublesten-i-saeby-spor-fra-besaettelsen-og-anden-verdenskrig\/\" >\n\t\t\t\tSnublesten i S\u00e6by \u2013 spor fra bes\u00e6ttelsen og Anden Verdenskrig\t\t\t<\/a>\n\t\t<\/h6>\n\t\t\n\t\t<a class=\"elementor-post__read-more\" href=\"https:\/\/visitvendsyssel.dk\/de\/snublesten-i-saeby-spor-fra-besaettelsen-og-anden-verdenskrig\/\" aria-label=\"Mehr \u00fcber Snublesten i S\u00e6by \u2013 spor fra bes\u00e6ttelsen og Anden Verdenskrig\" tabindex=\"-1\" >\n\t\t\tL\u00e6s mere\t\t<\/a>\n\n\t\t\t\t<\/div>\n\t\t\t\t<\/article>\n\t\t\t\t<\/div>\n\t\t\n\t\t\t\t\t\t<\/div>\n\t\t\t\t<\/div>\n\t\t\t\t<div class=\"elementor-element elementor-element-fabbd3d elementor-align-center elementor-widget elementor-widget-button\" data-id=\"fabbd3d\" data-element_type=\"widget\" data-e-type=\"widget\" data-widget_type=\"button.default\">\n\t\t\t\t<div class=\"elementor-widget-container\">\n\t\t\t\t\t\t\t\t\t<div class=\"elementor-button-wrapper\">\n\t\t\t\t\t<a class=\"elementor-button elementor-button-link elementor-size-sm\" href=\"https:\/\/visitvendsyssel.dk\/vendsyssel-artikler\/\">\n\t\t\t\t\t\t<span class=\"elementor-button-content-wrapper\">\n\t\t\t\t\t\t\t\t\t<span class=\"elementor-button-text\">L\u00e6s mere<\/span>\n\t\t\t\t\t<\/span>\n\t\t\t\t\t<\/a>\n\t\t\t\t<\/div>\n\t\t\t\t\t\t\t\t<\/div>\n\t\t\t\t<\/div>\n\t\t\t\t\t<\/div>\n\t\t<\/div>\n\t\t\t\t\t<\/div>\n\t\t<\/section>\n\t\t\t\t<\/div>\n\t\t","protected":false},"excerpt":{"rendered":"<p>Mittsommer in Skagen Mittsommer in Skagen \u2013 ein magischer Abend am S\u00f8nderstrand Mittsommer<\/p>","protected":false},"author":249072019,"featured_media":0,"parent":0,"menu_order":0,"comment_status":"closed","ping_status":"closed","template":"","meta":{"_wpcom_ai_launchpad_about_page":false,"_wpcom_ai_launchpad_gallery_page":false,"_wpcom_ai_launchpad_contact_page":false,"_wpcom_ai_launchpad_events_page":false,"_wpcom_ai_launchpad_video_page":false,"_wpcom_ai_launchpad_portfolio_piece":false,"footnotes":""},"class_list":["post-13810","page","type-page","status-publish","hentry"],"jetpack_sharing_enabled":true,"jetpack_shortlink":"https:\/\/wp.me\/PfGbFv-3AK","_links":{"self":[{"href":"https:\/\/visitvendsyssel.dk\/de\/wp-json\/wp\/v2\/pages\/13810","targetHints":{"allow":["GET"]}}],"collection":[{"href":"https:\/\/visitvendsyssel.dk\/de\/wp-json\/wp\/v2\/pages"}],"about":[{"href":"https:\/\/visitvendsyssel.dk\/de\/wp-json\/wp\/v2\/types\/page"}],"author":[{"embeddable":true,"href":"https:\/\/visitvendsyssel.dk\/de\/wp-json\/wp\/v2\/users\/249072019"}],"replies":[{"embeddable":true,"href":"https:\/\/visitvendsyssel.dk\/de\/wp-json\/wp\/v2\/comments?post=13810"}],"version-history":[{"count":86,"href":"https:\/\/visitvendsyssel.dk\/de\/wp-json\/wp\/v2\/pages\/13810\/revisions"}],"predecessor-version":[{"id":24217,"href":"https:\/\/visitvendsyssel.dk\/de\/wp-json\/wp\/v2\/pages\/13810\/revisions\/24217"}],"wp:attachment":[{"href":"https:\/\/visitvendsyssel.dk\/de\/wp-json\/wp\/v2\/media?parent=13810"}],"curies":[{"name":"wp","href":"https:\/\/api.w.org\/{rel}","templated":true}]}}